{"id":1762,"date":"2019-09-22T21:00:00","date_gmt":"2019-09-22T21:00:00","guid":{"rendered":"https:\/\/www.eliott-markus.com\/wilo\/business-legal-forum-droit\/"},"modified":"2023-09-05T11:17:25","modified_gmt":"2023-09-05T11:17:25","slug":"business-legal-forum-droit","status":"publish","type":"wilo","link":"https:\/\/www.eliott-markus.com\/en\/wilo\/business-legal-forum-droit\/","title":{"rendered":"Business et Legal Forum\u00a0: les secrets d\u2019un \u00e9v\u00e9nement professionnel"},"content":{"rendered":"\n<p>Temps de lecture : 3\u201930\u2019\u2019<\/p>\n\n\n\n<h2 class=\"wp-block-heading\"><strong>Jeudi dernier, se cl\u00f4turait la 11 e \u00e9dition du Business &amp; Legal Forum. L\u2019occasion id\u00e9ale pour \u00e9changer avec Ghislain de Lagrevol, co-fondateur du Business &amp; Legal Forum et Florence Henriet, directrice de projet du Business &amp; Legal Forum, sur leurs secrets de fabrication.<\/strong><\/h2>\n\n\n\n<h3 class=\"wp-block-heading\"><strong>Au milieu de tous les \u00e9v\u00e9nements professionnels juridiques, comment vous d\u00e9finissez-vous ?<\/strong><\/h3>\n\n\n\n<p><strong>Ghislain de Lagrevol&nbsp;:<\/strong> Le Business &amp; Legal Forum est le premier think tank participatif du droit et de l\u2019entreprise. Le concept est de faire r\u00e9fl\u00e9chir tous les participants sur des pratiques professionnelles associant toujours plus d\u2019\u00e9thiques et de performances. Notre trait distinctif, c\u2019est notre vision transversale des m\u00e9tiers, \u00e0 l\u2019inverse des \u00e9v\u00e9nements sp\u00e9cialis\u00e9s, par profession, ou par secteur. L\u2019id\u00e9e est de rassembler des personnalit\u00e9s homog\u00e8nes en termes d\u2019exp\u00e9riences et de responsabilit\u00e9s mais h\u00e9t\u00e9rog\u00e8nes en termes de secteurs et de m\u00e9tiers. Avec, aussi, des invit\u00e9s totalement ext\u00e9rieurs au march\u00e9, \u00e0 l\u2019instar de Ali La\u00efdi cette ann\u00e9e (ndlr : chercheur \u00e0 l\u2019IRIS et chroniqueur chez France 24, auteur de <em>Histoire mondiale de la guerre \u00e9conomique<\/em>), pour inspirer des r\u00e9flexions plus in\u00e9dites et donner de la hauteur.<\/p>\n\n\n\n<p><strong>Florence Henriet : <\/strong>L\u2019autre caract\u00e9ristique, c\u2019est l\u2019\u00e9change. A l\u2019heure de la d\u00e9mat\u00e9rialisation, o\u00f9 toute relation est virtuelle, on se rend compte que les gens ont besoin de se retrouver, en face \u00e0 face, de discuter et d\u2019\u00e9changer sur des modes plus collaboratifs.<\/p>\n\n\n\n<h3 class=\"wp-block-heading\"><strong>Collaboratif, participatif\u2026 comment concr\u00e9tisez-vous ces aspects lors de l\u2019\u00e9v\u00e9nement ?<\/strong><\/h3>\n\n\n\n<p><strong>G.L. <\/strong>: En s\u2019assurant que la parole est la plus libre possible. C\u2019est fondamental pour nous.<br>Nous rassemblons les entreprises, les autorit\u00e9s et les conseils, sans que cela soit autour d\u2019un dossier. Ils peuvent donc partager ensemble leurs probl\u00e9matiques, sans avoir d\u2019enjeux<br>\u00ab business \u00bb, voire p\u00e9naux. Les prises de positions partisanes sont rapidement abandonn\u00e9es pour un \u00e9change plus constructif.<\/p>\n\n\n\n<p><strong>F.H.<\/strong> : Tout est fait pour que le Forum reste informel dans les \u00e9changes entre participants et avec les intervenants. L\u2019\u00e9poque o\u00f9 l\u2019information \u00e9tait uniquement descendante est r\u00e9volue. Notre objectif est que le partage ait lieu dans les salles, dans les ateliers et aussi pendant les moments informels de networking. Je pense que c\u2019est l\u2019un des secrets du Business et Legal Forum.<\/p>\n\n\n\n<p><strong>G.L. <\/strong>: C\u2019est aussi pour cela que nous favorisons des formats facilitant le dialogue entre les<br>intervenants et avec les participants. Les Few to Few, par exemple, permettent aux participants de discuter librement de leurs enjeux et des probl\u00e9matiques rencontr\u00e9es dans<br>leurs secteurs. Et on s\u2019aper\u00e7oit que des pratiques du secteur de la construction peuvent s\u2019appliquer \u00e0 des grands projets informatiques ! Ces \u00e9changes d\u2019exp\u00e9riences ne sont possibles qu\u2019avec une certaine libert\u00e9 de parole et le format y contribue bien plus qu\u2019on ne l\u2019imagine.<\/p>\n\n\n\n<h3 class=\"wp-block-heading\"><strong>L\u2019informel, c\u2019est \u00e7a la cl\u00e9 du succ\u00e8s selon vous ?<\/strong><\/h3>\n\n\n\n<p><strong>G.L. <\/strong>: Il y en a plusieurs \u00e0 mon sens. Par exemple, arriver \u00e0 lib\u00e9rer la parole passe par le respect de la r\u00e8gle de Chatham House.<\/p>\n\n\n\n<p>Pour faire court, en tant que journaliste, vous pouvez dire tout ce qui s\u2019est dit au Forum, mais sans indiquer qui en est l\u2019auteur (sauf autorisation expresse pr\u00e9alable de ce dernier). Cette r\u00e8gle a toujours \u00e9t\u00e9 respect\u00e9e et contribue \u00e0 cr\u00e9er un climat de confiance qui limite grandement la langue de bois lors du Forum.<\/p>\n\n\n\n<p><strong>F.H. <\/strong>: En g\u00e9n\u00e9ral, le secret d\u2019un bon \u00e9v\u00e9nement est de ne pas avoir du monde pour du monde.<\/p>\n\n\n\n<p>Si jamais nous avions des ateliers avec plus de 80 personnes, comme on le voit sur certains&nbsp; &nbsp;\u00e9v\u00e9nements, nous n\u2019aurions pas les m\u00eames interactions. Le but du jeu n\u2019est pas d\u2019avoir un \u00e9v\u00e9nement avec 800 personnes. Le but, c\u2019est de garder un nombre raisonnable,<br>permettant aux participants de r\u00e9ellement \u00e9changer, sur le fond.<\/p>\n\n\n\n<h3 class=\"wp-block-heading\"><strong>Depuis 11 ans, quelles \u00e9volutions avez-vous particuli\u00e8rement retenu ?<\/strong><\/h3>\n\n\n\n<p><strong>G.L. <\/strong>: La transversalit\u00e9 que nous avions initi\u00e9e au d\u00e9but commence \u00e0 porter ses fruits aujourd&#8217;hui. Depuis le d\u00e9but, nous essayons de rompre les effets de silos de l\u2019entreprise et je remarque que les non-juristes viennent de plus en plus, preuve de la prise de conscience de l\u2019aspect strat\u00e9gique du droit. A l\u2019inverse, les juristes deviennent, eux, de plus en plus curieux sur les sujets g\u00e9opolitiques, \u00e9conomiques et strat\u00e9giques et sont moins enferm\u00e9s dans la technique pure.<\/p>\n\n\n\n<h3 class=\"wp-block-heading\"><strong>Avez-vous d\u00e9j\u00e0 des premi\u00e8res pistes de r\u00e9flexion pour 2020 ?<\/strong><\/h3>\n\n\n\n<p><strong>G.L.<\/strong> : Je m\u2019int\u00e9resse \u00e0 tout ce qui touche au d\u00e9veloppement des relations avec le continent Africain : la perception du droit, la lutte contre la corruption, etc. Nous avons commenc\u00e9 \u00e0 avoir quelques personnalit\u00e9s africaines dans notre conseil scientifique, notamment des dirigeants&nbsp;et magistrats comme le pr\u00e9sident de la Cour d\u2019appel de commerce d\u2019Abidjan.<\/p>\n\n\n\n<p>Sur le format, l\u2019enjeu est de favoriser des ateliers avec plus \u00ab d\u2019intelligence collective \u00bb. C\u2019est peut-\u00eatre un mot un peu tarte \u00e0 la cr\u00e8me mais l\u2019id\u00e9e est d\u2019arriver \u00e0 cr\u00e9er encore plus d&#8217;interactions&nbsp;entre les participants et intervenants et \u00e0 cr\u00e9er des ponts, gr\u00e2ce aux nouvelles m\u00e9thodes d\u2019intelligence collective. Mais \u00e7a ne s\u2019invente pas, il y a des techniques pour cela et nous devons y r\u00e9fl\u00e9chir plus en profondeur pour l\u2019ann\u00e9e prochaine.<\/p>\n\n\n\n<p><\/p>\n\n\n\n<p><\/p>\n","protected":false},"author":11,"featured_media":0,"template":"","categories":[211],"tags":[51,26],"class_list":["post-1762","wilo","type-wilo","status-publish","hentry","category-metiers","tag-evenement","tag-legaltech"],"acf":[],"yoast_head":"<!-- This site is optimized with the Yoast SEO plugin v27.3 - https:\/\/yoast.com\/product\/yoast-seo-wordpress\/ -->\n<title>Business et Legal Forum\u00a0: les secrets d\u2019un \u00e9v\u00e9nement professionnel<\/title>\n<meta name=\"description\" content=\"Retrouvez l&#039;interview de Ghislain de Lagrevol, co-fondateur du Business &amp; Legal Forum et Florence Henriet, au BLF le premier think tank participatif du droit et de l\u2019entreprise.\" \/>\n<meta name=\"robots\" content=\"index, follow, max-snippet:-1, max-image-preview:large, max-video-preview:-1\" \/>\n<link rel=\"canonical\" href=\"https:\/\/www.eliott-markus.com\/wilo\/business-legal-forum-droit\/\" \/>\n<meta property=\"og:locale\" content=\"en_US\" \/>\n<meta property=\"og:type\" content=\"article\" \/>\n<meta property=\"og:title\" content=\"Business et Legal Forum\u00a0: les secrets d\u2019un \u00e9v\u00e9nement professionnel\" \/>\n<meta property=\"og:description\" content=\"Retrouvez l&#039;interview de Ghislain de Lagrevol, co-fondateur du Business &amp; Legal Forum et Florence Henriet, au BLF le premier think tank participatif du droit et de l\u2019entreprise.\" \/>\n<meta property=\"og:url\" content=\"https:\/\/www.eliott-markus.com\/wilo\/business-legal-forum-droit\/\" \/>\n<meta property=\"og:site_name\" content=\"eliott &amp; markus\" \/>\n<meta property=\"article:modified_time\" content=\"2023-09-05T11:17:25+00:00\" \/>\n<meta name=\"twitter:card\" content=\"summary_large_image\" \/>\n<meta name=\"twitter:label1\" content=\"Est. reading time\" \/>\n\t<meta name=\"twitter:data1\" content=\"5 minutes\" \/>\n<!-- \/ Yoast SEO plugin. -->","yoast_head_json":{"title":"Business et Legal Forum\u00a0: les secrets d\u2019un \u00e9v\u00e9nement professionnel","description":"Retrouvez l'interview de Ghislain de Lagrevol, co-fondateur du Business & Legal Forum et Florence Henriet, au BLF le premier think tank participatif du droit et de l\u2019entreprise.","robots":{"index":"index","follow":"follow","max-snippet":"max-snippet:-1","max-image-preview":"max-image-preview:large","max-video-preview":"max-video-preview:-1"},"canonical":"https:\/\/www.eliott-markus.com\/wilo\/business-legal-forum-droit\/","og_locale":"en_US","og_type":"article","og_title":"Business et Legal Forum\u00a0: les secrets d\u2019un \u00e9v\u00e9nement professionnel","og_description":"Retrouvez l'interview de Ghislain de Lagrevol, co-fondateur du Business & Legal Forum et Florence Henriet, au BLF le premier think tank participatif du droit et de l\u2019entreprise.","og_url":"https:\/\/www.eliott-markus.com\/wilo\/business-legal-forum-droit\/","og_site_name":"eliott &amp; markus","article_modified_time":"2023-09-05T11:17:25+00:00","twitter_card":"summary_large_image","twitter_misc":{"Est. reading time":"5 minutes"},"schema":{"@context":"https:\/\/schema.org","@graph":[{"@type":"WebPage","@id":"https:\/\/www.eliott-markus.com\/wilo\/business-legal-forum-droit\/","url":"https:\/\/www.eliott-markus.com\/wilo\/business-legal-forum-droit\/","name":"Business et Legal Forum\u00a0: les secrets d\u2019un \u00e9v\u00e9nement professionnel","isPartOf":{"@id":"https:\/\/www.eliott-markus.com\/#website"},"datePublished":"2019-09-22T21:00:00+00:00","dateModified":"2023-09-05T11:17:25+00:00","description":"Retrouvez l'interview de Ghislain de Lagrevol, co-fondateur du Business & Legal Forum et Florence Henriet, au BLF le premier think tank participatif du droit et de l\u2019entreprise.","inLanguage":"en-US","potentialAction":[{"@type":"ReadAction","target":["https:\/\/www.eliott-markus.com\/wilo\/business-legal-forum-droit\/"]}]},{"@type":"WebSite","@id":"https:\/\/www.eliott-markus.com\/#website","url":"https:\/\/www.eliott-markus.com\/","name":"eliott & markus","description":"","publisher":{"@id":"https:\/\/www.eliott-markus.com\/#organization"},"potentialAction":[{"@type":"SearchAction","target":{"@type":"EntryPoint","urlTemplate":"https:\/\/www.eliott-markus.com\/?s={search_term_string}"},"query-input":{"@type":"PropertyValueSpecification","valueRequired":true,"valueName":"search_term_string"}}],"inLanguage":"en-US"},{"@type":"Organization","@id":"https:\/\/www.eliott-markus.com\/#organization","name":"eliott & markus","url":"https:\/\/www.eliott-markus.com\/","logo":{"@type":"ImageObject","inLanguage":"en-US","@id":"https:\/\/www.eliott-markus.com\/#\/schema\/logo\/image\/","url":"https:\/\/www.eliott-markus.com\/wp-content\/uploads\/2023\/06\/cropped-em_fav_2-1.png","contentUrl":"https:\/\/www.eliott-markus.com\/wp-content\/uploads\/2023\/06\/cropped-em_fav_2-1.png","width":512,"height":512,"caption":"eliott & markus"},"image":{"@id":"https:\/\/www.eliott-markus.com\/#\/schema\/logo\/image\/"}}]}},"_links":{"self":[{"href":"https:\/\/www.eliott-markus.com\/en\/wp-json\/wp\/v2\/wilo\/1762","targetHints":{"allow":["GET"]}}],"collection":[{"href":"https:\/\/www.eliott-markus.com\/en\/wp-json\/wp\/v2\/wilo"}],"about":[{"href":"https:\/\/www.eliott-markus.com\/en\/wp-json\/wp\/v2\/types\/wilo"}],"author":[{"embeddable":true,"href":"https:\/\/www.eliott-markus.com\/en\/wp-json\/wp\/v2\/users\/11"}],"version-history":[{"count":3,"href":"https:\/\/www.eliott-markus.com\/en\/wp-json\/wp\/v2\/wilo\/1762\/revisions"}],"predecessor-version":[{"id":4606,"href":"https:\/\/www.eliott-markus.com\/en\/wp-json\/wp\/v2\/wilo\/1762\/revisions\/4606"}],"wp:attachment":[{"href":"https:\/\/www.eliott-markus.com\/en\/wp-json\/wp\/v2\/media?parent=1762"}],"wp:term":[{"taxonomy":"category","embeddable":true,"href":"https:\/\/www.eliott-markus.com\/en\/wp-json\/wp\/v2\/categories?post=1762"},{"taxonomy":"post_tag","embeddable":true,"href":"https:\/\/www.eliott-markus.com\/en\/wp-json\/wp\/v2\/tags?post=1762"}],"curies":[{"name":"wp","href":"https:\/\/api.w.org\/{rel}","templated":true}]}}