{"id":1789,"date":"2020-04-30T14:25:00","date_gmt":"2020-04-30T14:25:00","guid":{"rendered":"https:\/\/www.eliott-markus.com\/wilo\/solidarite-aux-entreprises-creation-de-la-tierce-conciliation\/"},"modified":"2023-08-25T22:03:01","modified_gmt":"2023-08-25T22:03:01","slug":"solidarite-aux-entreprises-creation-de-la-tierce-conciliation","status":"publish","type":"wilo","link":"https:\/\/www.eliott-markus.com\/en\/wilo\/solidarite-aux-entreprises-creation-de-la-tierce-conciliation\/","title":{"rendered":"Solidarit\u00e9 aux entreprises : Cr\u00e9ation de la Tierce-Conciliation"},"content":{"rendered":"\n<h2 class=\"wp-block-heading\"><strong>Face \u00e0 l\u2019ampleur des cons\u00e9quences \u00e9conomiques de la crise sanitaire, l<\/strong><strong>a famille du droit se mobilise gracieusement dans toute sa diversit\u00e9 en soutient aux entreprises.\u00a0<\/strong><\/h2>\n\n\n\n<p>Afin de r\u00e9pondre aux besoins des acteurs de l\u2019\u00e9conomie, Paris Place de Droit lance la <a href=\"https:\/\/tiers-conciliateurs.fr\/\" target=\"_blank\" rel=\"noreferrer noopener\">Tierce- Conciliation<\/a>. Un dispositif extra-judiciaire d\u2019urgence et de conciliation exclusivement d\u00e9di\u00e9e aux entreprises expos\u00e9es \u00e0 des difficult\u00e9s g\u00e9n\u00e9r\u00e9es par les effets du Covid-19. Issus de toutes les professions juridiques, (juristes d\u2019entreprise, avocats, juges consulaires, universitaires&#8230;) les <a href=\"https:\/\/tiers-conciliateurs.fr\/\" target=\"_blank\" rel=\"noreferrer noopener\">tiers-conciliateurs<\/a> interviendront b\u00e9n\u00e9volement pour accompagner les entreprises dans la recherche de solutions adapt\u00e9es pour pr\u00e9server leurs relations commerciales.<\/p>\n\n\n\n<p><em>\u00ab Gr\u00e2ce \u00e0 l\u2019\u00e9nergie et \u00e0 la mobilisation solidaire de femmes et d\u2019hommes, la fili\u00e8re juridique prend toute sa place pour agir en acc\u00e9l\u00e9rateur de sortie de crise pour les entreprises \u00bb, <\/em>indique Frank Gentin, Pr\u00e9sident de Paris Place de Droit.<\/p>\n\n\n\n<p>\u25aa <strong>La cr\u00e9ation d\u2019un nouveau processus de r\u00e8glement des difficult\u00e9s dans les relations commerciales : la <a href=\"https:\/\/tiers-conciliateurs.fr\/\" target=\"_blank\" rel=\"noreferrer noopener\">Tierce-Conciliation\u00a0<\/a><\/strong><\/p>\n\n\n\n<p>Gr\u00e2ce \u00e0 la mise \u00e0 disposition d\u2019une plateforme digitale collaborative, les entreprises pourront b\u00e9n\u00e9ficier gratuitement de la mise en place d\u2019espaces temporaires de n\u00e9gociation. L\u2019initiative a pour objectif d\u2019\u00e9viter de se retrouver devant des tribunaux pour des litiges li\u00e9s aux difficult\u00e9s survenues dans l\u2019ex\u00e9cution de contrat du fait de la crise li\u00e9e au Covid-19.<\/p>\n\n\n\n<p>La mise \u00e0 disposition de cette plateforme permettra aux entreprises de g\u00e9rer les difficult\u00e9s dans les relations commerciales cons\u00e9cutives \u00e0 la crise du COVID-19 en \u00e9vitant de porter leur situation sur le terrain judiciaire ou arbitral, tout en s\u2019assurant de la pr\u00e9servation de leurs droits (am\u00e9nagement conventionnel d\u00e9lais de prescription, confidentialit\u00e9 des r\u00e9unions de n\u00e9gociations, &#8230;).<\/p>\n\n\n\n<p>\u25aa <strong>Le fonctionnement de la <a href=\"https:\/\/tiers-conciliateurs.fr\/\" target=\"_blank\" rel=\"noreferrer noopener\">tierce conciliation<\/a>\u00a0<\/strong><\/p>\n\n\n\n<p>La plateforme de conciliation devra \u00eatre saisie sur requ\u00eate conjointe des parties, sans limitation de comp\u00e9tence territoriale. Les parties devront alors indiquer la nature de leurs difficult\u00e9s en s\u2019acquittant uniquement des frais de fonctionnement.<\/p>\n\n\n\n<p>La recevabilit\u00e9 de la demande est subordonn\u00e9e \u00e0 deux conditions :<\/p>\n\n\n\n<ul class=\"wp-block-list\"><li>B\u00e9n\u00e9ficier de la qualit\u00e9 de commer\u00e7ant<\/li><li>Les difficult\u00e9s commerciales doivent relever d\u2019une inex\u00e9cution contractuelle pour cause de Covid-19<\/li><\/ul>\n\n\n\n<p>Les parties seront alors convoqu\u00e9es pour des r\u00e9unions de n\u00e9gociations sous forme de vid\u00e9o- conf\u00e9rence ou en pr\u00e9sentiel si la complexit\u00e9 du dossier l\u2019impose. Un <a href=\"https:\/\/tiers-conciliateurs.fr\/\" target=\"_blank\" rel=\"noreferrer noopener\">tiers conciliateur<\/a> d\u00e9sign\u00e9 tentera de trouver un accord en fonction de l\u2019analyse de la situation juridique des parties et, le cas \u00e9ch\u00e9ant, identifiera une voie de facilitation sous la forme d\u2019un avenant contractuel ou d\u2019une transaction susceptible d\u2019homologation.<\/p>\n\n\n\n<p>A d\u00e9faut d\u2019accord, les parties seront orient\u00e9es vers les voies habituelles de r\u00e8glement des conflits. Ainsi, se fera naturellement un premier tri de l\u2019urgence entre les affaires susceptibles de se r\u00e9gler rapidement, par la voie de cette <a href=\"https:\/\/tiers-conciliateurs.fr\/\" target=\"_blank\" rel=\"noreferrer noopener\">tierce-conciliation<\/a>, et celles qui, \u00e0 d\u00e9faut d\u2019accord, retrouveront les voies classiques de r\u00e9solution des contentieux.<\/p>\n\n\n\n<p>D\u00e9couvrez d\u00e8s \u00e0 pr\u00e9sent la plateforme digitale collaborative :<a href=\"https:\/\/tiers-conciliateurs.fr\" target=\"_blank\" rel=\"noreferrer noopener\"> <strong>https:\/\/tiers-conciliateurs.fr\u00a0<\/strong><\/a><\/p>\n\n\n\n<p>D\u00e9couvrez notre vid\u00e9o : <a href=\"https:\/\/tiers-conciliateurs.fr\/video\/Tiersconciliateurs-Motion.mp4\" target=\"_blank\" rel=\"noreferrer noopener\"><strong>https:\/\/tiers-conciliateurs.fr\/video\/Tiersconciliateurs-Motion.mp4<\/strong><\/a><\/p>\n","protected":false},"author":11,"featured_media":0,"template":"","categories":[211],"tags":[306,307],"class_list":["post-1789","wilo","type-wilo","status-publish","hentry","category-metiers","tag-paris-place-de-droit","tag-solidarite"],"acf":[],"yoast_head":"<!-- This site is optimized with the Yoast SEO plugin v27.3 - https:\/\/yoast.com\/product\/yoast-seo-wordpress\/ -->\n<title>Solidarit\u00e9 aux entreprises : Cr\u00e9ation de la Tierce-Conciliation<\/title>\n<meta name=\"description\" content=\"Afin de r\u00e9pondre aux besoins des acteurs de l\u2019\u00e9conomie, Paris Place de Droit lance la Tierce- Conciliation. Un dispositif extra-judiciaire d\u2019urgence\" \/>\n<meta name=\"robots\" content=\"index, follow, max-snippet:-1, max-image-preview:large, max-video-preview:-1\" \/>\n<link rel=\"canonical\" href=\"https:\/\/www.eliott-markus.com\/wilo\/solidarite-aux-entreprises-creation-de-la-tierce-conciliation\/\" \/>\n<meta property=\"og:locale\" content=\"en_US\" \/>\n<meta property=\"og:type\" content=\"article\" \/>\n<meta property=\"og:title\" content=\"Solidarit\u00e9 aux entreprises : Cr\u00e9ation de la Tierce-Conciliation\" \/>\n<meta property=\"og:description\" content=\"Afin de r\u00e9pondre aux besoins des acteurs de l\u2019\u00e9conomie, Paris Place de Droit lance la Tierce- Conciliation. Un dispositif extra-judiciaire d\u2019urgence\" \/>\n<meta property=\"og:url\" content=\"https:\/\/www.eliott-markus.com\/wilo\/solidarite-aux-entreprises-creation-de-la-tierce-conciliation\/\" \/>\n<meta property=\"og:site_name\" content=\"eliott &amp; markus\" \/>\n<meta property=\"article:modified_time\" content=\"2023-08-25T22:03:01+00:00\" \/>\n<meta name=\"twitter:card\" content=\"summary_large_image\" \/>\n<meta name=\"twitter:label1\" content=\"Est. reading time\" \/>\n\t<meta name=\"twitter:data1\" content=\"3 minutes\" \/>\n<!-- \/ Yoast SEO plugin. -->","yoast_head_json":{"title":"Solidarit\u00e9 aux entreprises : Cr\u00e9ation de la Tierce-Conciliation","description":"Afin de r\u00e9pondre aux besoins des acteurs de l\u2019\u00e9conomie, Paris Place de Droit lance la Tierce- Conciliation. Un dispositif extra-judiciaire d\u2019urgence","robots":{"index":"index","follow":"follow","max-snippet":"max-snippet:-1","max-image-preview":"max-image-preview:large","max-video-preview":"max-video-preview:-1"},"canonical":"https:\/\/www.eliott-markus.com\/wilo\/solidarite-aux-entreprises-creation-de-la-tierce-conciliation\/","og_locale":"en_US","og_type":"article","og_title":"Solidarit\u00e9 aux entreprises : Cr\u00e9ation de la Tierce-Conciliation","og_description":"Afin de r\u00e9pondre aux besoins des acteurs de l\u2019\u00e9conomie, Paris Place de Droit lance la Tierce- Conciliation. Un dispositif extra-judiciaire d\u2019urgence","og_url":"https:\/\/www.eliott-markus.com\/wilo\/solidarite-aux-entreprises-creation-de-la-tierce-conciliation\/","og_site_name":"eliott &amp; markus","article_modified_time":"2023-08-25T22:03:01+00:00","twitter_card":"summary_large_image","twitter_misc":{"Est. reading time":"3 minutes"},"schema":{"@context":"https:\/\/schema.org","@graph":[{"@type":"WebPage","@id":"https:\/\/www.eliott-markus.com\/wilo\/solidarite-aux-entreprises-creation-de-la-tierce-conciliation\/","url":"https:\/\/www.eliott-markus.com\/wilo\/solidarite-aux-entreprises-creation-de-la-tierce-conciliation\/","name":"Solidarit\u00e9 aux entreprises : Cr\u00e9ation de la Tierce-Conciliation","isPartOf":{"@id":"https:\/\/www.eliott-markus.com\/#website"},"datePublished":"2020-04-30T14:25:00+00:00","dateModified":"2023-08-25T22:03:01+00:00","description":"Afin de r\u00e9pondre aux besoins des acteurs de l\u2019\u00e9conomie, Paris Place de Droit lance la Tierce- Conciliation. Un dispositif extra-judiciaire d\u2019urgence","inLanguage":"en-US","potentialAction":[{"@type":"ReadAction","target":["https:\/\/www.eliott-markus.com\/wilo\/solidarite-aux-entreprises-creation-de-la-tierce-conciliation\/"]}]},{"@type":"WebSite","@id":"https:\/\/www.eliott-markus.com\/#website","url":"https:\/\/www.eliott-markus.com\/","name":"eliott & markus","description":"","publisher":{"@id":"https:\/\/www.eliott-markus.com\/#organization"},"potentialAction":[{"@type":"SearchAction","target":{"@type":"EntryPoint","urlTemplate":"https:\/\/www.eliott-markus.com\/?s={search_term_string}"},"query-input":{"@type":"PropertyValueSpecification","valueRequired":true,"valueName":"search_term_string"}}],"inLanguage":"en-US"},{"@type":"Organization","@id":"https:\/\/www.eliott-markus.com\/#organization","name":"eliott & markus","url":"https:\/\/www.eliott-markus.com\/","logo":{"@type":"ImageObject","inLanguage":"en-US","@id":"https:\/\/www.eliott-markus.com\/#\/schema\/logo\/image\/","url":"https:\/\/www.eliott-markus.com\/wp-content\/uploads\/2023\/06\/cropped-em_fav_2-1.png","contentUrl":"https:\/\/www.eliott-markus.com\/wp-content\/uploads\/2023\/06\/cropped-em_fav_2-1.png","width":512,"height":512,"caption":"eliott & markus"},"image":{"@id":"https:\/\/www.eliott-markus.com\/#\/schema\/logo\/image\/"}}]}},"_links":{"self":[{"href":"https:\/\/www.eliott-markus.com\/en\/wp-json\/wp\/v2\/wilo\/1789","targetHints":{"allow":["GET"]}}],"collection":[{"href":"https:\/\/www.eliott-markus.com\/en\/wp-json\/wp\/v2\/wilo"}],"about":[{"href":"https:\/\/www.eliott-markus.com\/en\/wp-json\/wp\/v2\/types\/wilo"}],"author":[{"embeddable":true,"href":"https:\/\/www.eliott-markus.com\/en\/wp-json\/wp\/v2\/users\/11"}],"version-history":[{"count":1,"href":"https:\/\/www.eliott-markus.com\/en\/wp-json\/wp\/v2\/wilo\/1789\/revisions"}],"predecessor-version":[{"id":2168,"href":"https:\/\/www.eliott-markus.com\/en\/wp-json\/wp\/v2\/wilo\/1789\/revisions\/2168"}],"wp:attachment":[{"href":"https:\/\/www.eliott-markus.com\/en\/wp-json\/wp\/v2\/media?parent=1789"}],"wp:term":[{"taxonomy":"category","embeddable":true,"href":"https:\/\/www.eliott-markus.com\/en\/wp-json\/wp\/v2\/categories?post=1789"},{"taxonomy":"post_tag","embeddable":true,"href":"https:\/\/www.eliott-markus.com\/en\/wp-json\/wp\/v2\/tags?post=1789"}],"curies":[{"name":"wp","href":"https:\/\/api.w.org\/{rel}","templated":true}]}}