{"id":1868,"date":"2015-03-23T08:44:00","date_gmt":"2015-03-23T08:44:00","guid":{"rendered":"https:\/\/www.eliott-markus.com\/wilo\/lattractivite-de-la-place-de-paris\/"},"modified":"2023-06-22T15:59:00","modified_gmt":"2023-06-22T15:59:00","slug":"lattractivite-de-la-place-de-paris","status":"publish","type":"wilo","link":"https:\/\/www.eliott-markus.com\/en\/wilo\/lattractivite-de-la-place-de-paris\/","title":{"rendered":"L\u2019attractivit\u00e9 de la place de Paris"},"content":{"rendered":"\n<p class=\"wp-block-paragraph\">Temps de lecture : 1&#8242;<\/p>\n\n\n\n<h2 class=\"wp-block-heading\">\u00ab LA BOURSE AUJOURD&#8217;HUI : QUELLE ATTRACTIVIT\u00c9 POUR LES ENTREPRISES MAIS AUSSI POUR LES \u00c9PARGNANTS ? \u00bb<\/h2>\n\n\n\n<p class=\"wp-block-paragraph\">L\u2019<a href=\"http:\/\/droitetcroissance.fr\/\" target=\"_blank\" rel=\"noreferrer noopener\">Institut\u00a0Droit &#038; Croissance<\/a>\u00a0ainsi que ses partenaires, le\u00a0<a href=\"http:\/\/cede.essec.edu\/\" target=\"_blank\" rel=\"noreferrer noopener\">Centre Europ\u00e9en de Droit et d\u2019Economie de L\u2019ESSEC<\/a>\u00a0et\u00a0CAPITALCOM, vous invitent \u00e0 leur prochaine conf\u00e9rence, sur le th\u00e8me l\u2019attractivit\u00e9 de la place de Paris. Les meilleurs experts seront r\u00e9unis pour analyser l\u2019\u00e9volution de la r\u00e9glementation et se pencheront sur l\u2019avenir de la place de Paris.<\/p>\n\n\n\n<p class=\"wp-block-paragraph\">Un colloque sponsoris\u00e9 par les cabinets <a href=\"http:\/\/www.jeantet.fr\/\" target=\"_blank\" rel=\"noreferrer noopener\">Jeantet<\/a> et <a href=\"http:\/\/www.bredinprat.fr\/\" target=\"_blank\" rel=\"noreferrer noopener\">Bredin Prat<\/a>, ainsi que l\u2019<a href=\"http:\/\/www.institutlouisbachelier.org\/\" target=\"_blank\" rel=\"noreferrer noopener\">Institut Louis Bachelier<\/a>.<\/p>\n\n\n\n<p class=\"wp-block-paragraph\">Pour y assister, rendez-vous le\u00a09 avril\u00a0prochain \u00e0 l\u2019Amphit\u00e9\u00e2tre\u00a0AG2R La Mondiale\u00a0de 8h30 \u00e0 12h30. Informations compl\u00e9mentaires,\u00a0programme et intervenants sont \u00e0 retrouver <a href=\"http:\/\/droitetcroissance.fr\/colloque-du-9-avril-2015-lattractivite-de-la-place-de-paris\/\" target=\"_blank\" rel=\"noreferrer noopener\">ici<\/a> !<\/p>\n","protected":false},"author":11,"featured_media":0,"template":"","categories":[211],"tags":[],"class_list":["post-1868","wilo","type-wilo","status-publish","hentry","category-metiers"],"acf":[],"yoast_head":"<!-- This site is optimized with the Yoast SEO plugin v27.7 - https:\/\/yoast.com\/product\/yoast-seo-wordpress\/ -->\n<title>L\u2019attractivit\u00e9 de la place de Paris<\/title>\n<meta name=\"robots\" content=\"index, follow, max-snippet:-1, max-image-preview:large, max-video-preview:-1\" \/>\n<link rel=\"canonical\" href=\"https:\/\/www.eliott-markus.com\/wilo\/lattractivite-de-la-place-de-paris\/\" \/>\n<meta property=\"og:locale\" content=\"en_US\" \/>\n<meta property=\"og:type\" content=\"article\" \/>\n<meta property=\"og:title\" content=\"L\u2019attractivit\u00e9 de la place de Paris\" \/>\n<meta property=\"og:description\" content=\"Temps de lecture : 1&#8242; \u00ab LA BOURSE AUJOURD&#8217;HUI : QUELLE ATTRACTIVIT\u00c9 POUR LES ENTREPRISES MAIS AUSSI POUR LES \u00c9PARGNANTS ? \u00bb L\u2019Institut\u00a0Droit &#038; Croissance\u00a0ainsi que ses partenaires, le\u00a0Centre Europ\u00e9en de Droit et d\u2019Economie de L\u2019ESSEC\u00a0et\u00a0CAPITALCOM, vous invitent \u00e0 leur prochaine conf\u00e9rence, sur le th\u00e8me l\u2019attractivit\u00e9 de la place de Paris. Les meilleurs experts seront [&hellip;]\" \/>\n<meta property=\"og:url\" content=\"https:\/\/www.eliott-markus.com\/wilo\/lattractivite-de-la-place-de-paris\/\" \/>\n<meta property=\"og:site_name\" content=\"eliott &amp; markus\" \/>\n<meta property=\"article:modified_time\" content=\"2023-06-22T15:59:00+00:00\" \/>\n<meta name=\"twitter:card\" content=\"summary_large_image\" \/>\n<meta name=\"twitter:label1\" content=\"Est. reading time\" \/>\n\t<meta name=\"twitter:data1\" content=\"1 minute\" \/>\n<!-- \/ Yoast SEO plugin. -->","yoast_head_json":{"title":"L\u2019attractivit\u00e9 de la place de Paris","robots":{"index":"index","follow":"follow","max-snippet":"max-snippet:-1","max-image-preview":"max-image-preview:large","max-video-preview":"max-video-preview:-1"},"canonical":"https:\/\/www.eliott-markus.com\/wilo\/lattractivite-de-la-place-de-paris\/","og_locale":"en_US","og_type":"article","og_title":"L\u2019attractivit\u00e9 de la place de Paris","og_description":"Temps de lecture : 1&#8242; \u00ab LA BOURSE AUJOURD&#8217;HUI : QUELLE ATTRACTIVIT\u00c9 POUR LES ENTREPRISES MAIS AUSSI POUR LES \u00c9PARGNANTS ? \u00bb L\u2019Institut\u00a0Droit &#038; Croissance\u00a0ainsi que ses partenaires, le\u00a0Centre Europ\u00e9en de Droit et d\u2019Economie de L\u2019ESSEC\u00a0et\u00a0CAPITALCOM, vous invitent \u00e0 leur prochaine conf\u00e9rence, sur le th\u00e8me l\u2019attractivit\u00e9 de la place de Paris. Les meilleurs experts seront [&hellip;]","og_url":"https:\/\/www.eliott-markus.com\/wilo\/lattractivite-de-la-place-de-paris\/","og_site_name":"eliott &amp; markus","article_modified_time":"2023-06-22T15:59:00+00:00","twitter_card":"summary_large_image","twitter_misc":{"Est. reading time":"1 minute"},"schema":{"@context":"https:\/\/schema.org","@graph":[{"@type":"WebPage","@id":"https:\/\/www.eliott-markus.com\/wilo\/lattractivite-de-la-place-de-paris\/","url":"https:\/\/www.eliott-markus.com\/wilo\/lattractivite-de-la-place-de-paris\/","name":"L\u2019attractivit\u00e9 de la place de Paris","isPartOf":{"@id":"https:\/\/www.eliott-markus.com\/#website"},"datePublished":"2015-03-23T08:44:00+00:00","dateModified":"2023-06-22T15:59:00+00:00","inLanguage":"en-US","potentialAction":[{"@type":"ReadAction","target":["https:\/\/www.eliott-markus.com\/wilo\/lattractivite-de-la-place-de-paris\/"]}]},{"@type":"WebSite","@id":"https:\/\/www.eliott-markus.com\/#website","url":"https:\/\/www.eliott-markus.com\/","name":"eliott & markus","description":"","publisher":{"@id":"https:\/\/www.eliott-markus.com\/#organization"},"potentialAction":[{"@type":"SearchAction","target":{"@type":"EntryPoint","urlTemplate":"https:\/\/www.eliott-markus.com\/?s={search_term_string}"},"query-input":{"@type":"PropertyValueSpecification","valueRequired":true,"valueName":"search_term_string"}}],"inLanguage":"en-US"},{"@type":"Organization","@id":"https:\/\/www.eliott-markus.com\/#organization","name":"eliott & markus","url":"https:\/\/www.eliott-markus.com\/","logo":{"@type":"ImageObject","inLanguage":"en-US","@id":"https:\/\/www.eliott-markus.com\/#\/schema\/logo\/image\/","url":"https:\/\/www.eliott-markus.com\/wp-content\/uploads\/2023\/06\/cropped-em_fav_2-1.png","contentUrl":"https:\/\/www.eliott-markus.com\/wp-content\/uploads\/2023\/06\/cropped-em_fav_2-1.png","width":512,"height":512,"caption":"eliott & markus"},"image":{"@id":"https:\/\/www.eliott-markus.com\/#\/schema\/logo\/image\/"}}]}},"_links":{"self":[{"href":"https:\/\/www.eliott-markus.com\/en\/wp-json\/wp\/v2\/wilo\/1868","targetHints":{"allow":["GET"]}}],"collection":[{"href":"https:\/\/www.eliott-markus.com\/en\/wp-json\/wp\/v2\/wilo"}],"about":[{"href":"https:\/\/www.eliott-markus.com\/en\/wp-json\/wp\/v2\/types\/wilo"}],"author":[{"embeddable":true,"href":"https:\/\/www.eliott-markus.com\/en\/wp-json\/wp\/v2\/users\/11"}],"version-history":[{"count":1,"href":"https:\/\/www.eliott-markus.com\/en\/wp-json\/wp\/v2\/wilo\/1868\/revisions"}],"predecessor-version":[{"id":2379,"href":"https:\/\/www.eliott-markus.com\/en\/wp-json\/wp\/v2\/wilo\/1868\/revisions\/2379"}],"wp:attachment":[{"href":"https:\/\/www.eliott-markus.com\/en\/wp-json\/wp\/v2\/media?parent=1868"}],"wp:term":[{"taxonomy":"category","embeddable":true,"href":"https:\/\/www.eliott-markus.com\/en\/wp-json\/wp\/v2\/categories?post=1868"},{"taxonomy":"post_tag","embeddable":true,"href":"https:\/\/www.eliott-markus.com\/en\/wp-json\/wp\/v2\/tags?post=1868"}],"curies":[{"name":"wp","href":"https:\/\/api.w.org\/{rel}","templated":true}]}}