{"id":1875,"date":"2017-07-25T10:47:46","date_gmt":"2017-07-25T10:47:46","guid":{"rendered":"https:\/\/www.eliott-markus.com\/wilo\/les-livres-a-emporter-cet-ete\/"},"modified":"2023-11-13T13:59:14","modified_gmt":"2023-11-13T13:59:14","slug":"les-livres-a-emporter-cet-ete","status":"publish","type":"wilo","link":"https:\/\/www.eliott-markus.com\/en\/wilo\/les-livres-a-emporter-cet-ete\/","title":{"rendered":"Les livres \u00e0 emporter cet \u00e9t\u00e9"},"content":{"rendered":"\n<p class=\"wp-block-paragraph\">Temps de lecture : 1\u201910\u2019\u2019<\/p>\n\n\n\n<h2 class=\"wp-block-heading\"><strong>\u00c0 l\u2019heure des vacances estivales tant attendues, Eliott &amp; Markus vous souhaitent de belles vacances. Que vous partiez ou non, voici pour vous, nos conseils sur les quelques livres qu\u2019il ne faudra pas oublier de prendre avant de partir. Entre histoire, t\u00e9moignages, tribunes, polars et secrets, l\u2019ennui n\u2019aura pas sa place dans votre valise.<\/strong><\/h2>\n\n\n\n<h3 class=\"wp-block-heading\"><strong>Pour ceux qui ne d\u00e9crochent pas<\/strong><\/h3>\n\n\n\n<p class=\"wp-block-paragraph\"><strong><em>Directs du droit<\/em><\/strong>, \u00c9ric Dupont-Moretti et St\u00e9phanie Durant-Soufflant, 2017, Michel Lafon, 247 pages &#8211; Impossible cette ann\u00e9e de passer \u00e0 c\u00f4t\u00e9 du livre de celui que l\u2019on surnomme \u00ab Acquitator \u00bb. \u00c0 travers ce livre, l\u2019avocat le plus connu de France dresse un <strong>r\u00e9quisitoire contre l\u2019hypermoralisation de la justice et le non-respect de la pr\u00e9somption d\u2019innocence. <\/strong>Plus qu\u2019un coup de gueule, ce livre cherche \u00e0 faire prendre conscience, \u00e0 travers des cas illustr\u00e9s, des d\u00e9g\u00e2ts collat\u00e9raux du lynchage m\u00e9diatique.<\/p>\n\n\n\n<p class=\"wp-block-paragraph\"><strong><em>Je vous laisse juges\u2026 Confidences d&#8217;un magistrat qui voulait \u00eatre libre<\/em><\/strong>, 2014, Luc Fr\u00e9miot, Michel Lafon, 320 pages &#8211; Luc Fr\u00e9miot nous livre son v\u00e9cu d\u2019ancien procureur de Douai et d\u2019avocat g\u00e9n\u00e9ral aux assises du Nord et du Pas-de-Calais. Il revient sur diff\u00e9rentes affaires qu\u2019il a trait\u00e9es sur un ton romanesque empreint d\u2019humour m\u00eame si quelques passages \u00e9voquent une ambiance plus pesante, notamment quand il \u00e9voque les cas de <strong>violences intrafamiliales<\/strong>, les erreurs judiciaires ou encore le manque de moyens de la justice. Ce livre nous donne \u00e0 r\u00e9fl\u00e9chir sur \u00ab cette vieille dame aveugle \u00bb qu\u2019est la justice.<\/p>\n\n\n\n<p class=\"wp-block-paragraph\"><strong><em>Les \u00e9pines et les roses<\/em><\/strong>, Robert Badinter, 2012, Fayard, 288 pages &#8211; Surtout connu pour avoir aboli la peine de mort, Robert Badinter revient dans cet ouvrage sur le reste de son bilan. Garde des sceaux de 1981 \u00e0 1986, il a ardemment d\u00e9fendu les libert\u00e9s publiques et men\u00e9 \u00e0 bien d\u2019importantes r\u00e9formes : d\u00e9p\u00e9nalisation de l\u2019homosexualit\u00e9, mise en place des travaux d\u2019int\u00e9r\u00eats g\u00e9n\u00e9ral, indemnisation des victimes de la circulation, acc\u00e8s des citoyens \u00e0 la Commission europ\u00e9enne des droits de l\u2019homme\u2026 Parsem\u00e9 d\u2019anecdotes, \u00e9crit avec l\u2019humilit\u00e9 qui caract\u00e9rise Robert Badinter, ce livre se lit comme <strong>le roman de la justice fran\u00e7aise<\/strong>. Rappelant, utilement en ces temps troubl\u00e9s, que \u00ab la r\u00e9ponse \u00e0 la d\u00e9linquance ne passe pas n\u00e9cessairement par des lois privatives de libert\u00e9 \u00bb.<\/p>\n\n\n\n<h3 class=\"wp-block-heading\"><strong>Pour ceux qui veulent s\u2019\u00e9vader<\/strong><\/h3>\n\n\n\n<p class=\"wp-block-paragraph\"><strong><em>Grands et petits secrets du monde de l\u2019art<\/em><\/strong>, Dani\u00e8le Granet et Catherine Lamour, 2011, Pluriel, 384 pages &#8211; Dans cet ouvrage bien document\u00e9 et accessible, les auteures nous d\u00e9voilent les <strong>arcanes et codes d\u2019un monde aux secrets bien gard\u00e9s<\/strong>. Pan majeur des flux financiers mondiaux, l\u2019art fait l\u2019objet de sp\u00e9culations folles. Contr\u00f4l\u00e9 par un petit nombre de personnes (collectionneurs, artistes, critiques, marchands\u2026), ce monde use et abuse de tactiques pour faire monter les c\u00f4tes artificiellement, lancer des tendances, vendre sans payer de frais de douanes ou encore contr\u00f4ler les ventes aux ench\u00e8res. Cette jet-set de l\u2019art emp\u00eache d\u00e9sormais les mus\u00e9es d\u2019acqu\u00e9rir des \u0153uvres pour le grand public\u2026 Vous ne verrez plus l\u2019art du m\u00eame \u0153il.<\/p>\n\n\n\n<p class=\"wp-block-paragraph\"><strong><em>La servante \u00e9carlate<\/em><\/strong>, Margaret Atwood, 1987, Robert Laffont, 546 pages &#8211; Les amateurs de <strong>dystopie <\/strong>seront servis. Dans une r\u00e9gion des \u00c9tats-Unis, un r\u00e9gime totalitaire a pris le pouvoir et divis\u00e9 la soci\u00e9t\u00e9 en castes. Tandis que certaines femmes sont des \u00ab \u00e9pouses \u00bb, d\u2019autres sont des \u00ab servantes \u00bb uniquement destin\u00e9es \u00e0 procr\u00e9er. Aucune femme n\u2019a le droit de travailler et toutes sont surveill\u00e9es, rationn\u00e9es, punies selon un cadre moral et religieux puritain qui consid\u00e8re les sentiments comme suspects. Adapt\u00e9 en film et en s\u00e9rie t\u00e9l\u00e9vis\u00e9e, ce livre intemporel invite \u00e0 r\u00e9fl\u00e9chir \u00e0 la place des femmes dans la soci\u00e9t\u00e9 et \u00e0 se questionner sur les dangers pesant sur les libert\u00e9s. Du grand Atwood.<\/p>\n\n\n\n<p class=\"wp-block-paragraph\"><strong><em>En attendant Bojangles<\/em><\/strong>, Olivier Bourdeaut, 2017, Folio, 176 pages \u2013 Quel euph\u00e9misme de dire que ce livre \u00ab ne d\u00e9m\u00e9rite pas \u00bb. C\u2019est en effet sans doute <strong>le plus beau premier roman que vous lirez cette ann\u00e9e<\/strong>. Narr\u00e9 du point de vue d\u2019un enfant, il nous entra\u00eene dans le tourbillon d\u2019amour que se vouent ses parents. D\u00e9crite dans la m\u00eame veine que des textes sign\u00e9s de Boris Vian, la folie de la m\u00e8re est trait\u00e9e avec d\u00e9licatesse et m\u00e9lancolie. Brouillant les fronti\u00e8res entre r\u00e9alit\u00e9 et fantasque, ce livre interroge subtilement sur les convenances et le conformisme. Installez-vous confortablement et partez pour un voyage virevoltant !<\/p>\n\n\n\n<p class=\"wp-block-paragraph\"><strong><em>Notaire en eaux troubles<\/em><\/strong>, Alain Gandy, 2010, Presses de la Cit\u00e9, 240 pages &#8211; 14e volet d\u2019une s\u00e9rie de <strong>romans policiers, <\/strong>cet opus raconte l\u2019enqu\u00eate de Joseph Combes, policier en poste \u00e0 Villefranche-de- Rouergue. Un notaire \u00e0 la retraite est retrouv\u00e9 mort. S\u2019est-il suicid\u00e9 ? A-t-il \u00e9t\u00e9 assassin\u00e9 ? Des indices conduisent rapidement le h\u00e9ros vers la piste familiale, le d\u00e9funt et son fr\u00e8re \u00e9tant en diff\u00e9rends. Mais alors ? Pourquoi la fille reni\u00e9e h\u00e9rite-t-elle de la totalit\u00e9 des biens ? L\u2019\u00e9criture fluide et les rebondissements inattendus font de ce roman un moment des plus agr\u00e9ables.<\/p>\n\n\n\n<hr class=\"wp-block-separator has-css-opacity\"\/>\n\n\n\n<h4 class=\"wp-block-heading\">Pour aller plus loin<\/h4>\n\n\n\n<p class=\"wp-block-paragraph\"><a href=\"http:\/\/www.lefigaro.fr\/livres\/2017\/07\/02\/03005-20170702ARTFIG00040-les-dix-best-sellers-a-lire-cet-ete.php\" target=\"_blank\" rel=\"noreferrer noopener\">Pour les insatiables, piochez de nouvelles id\u00e9es !<\/a><\/p>\n","protected":false},"author":11,"featured_media":0,"template":"","categories":[468],"tags":[33,84,36],"class_list":["post-1875","wilo","type-wilo","status-publish","hentry","category-influence","tag-crise","tag-lecture","tag-moral"],"acf":[],"yoast_head":"<!-- This site is optimized with the Yoast SEO plugin v27.7 - https:\/\/yoast.com\/product\/yoast-seo-wordpress\/ -->\n<title>Les livres \u00e0 emporter cet \u00e9t\u00e9<\/title>\n<meta name=\"description\" content=\"\u2028Histoire, t\u00e9moignages, tribunes, polars et secrets, Eliott &amp; Markus vous conseille quelques lectures \u00e0 emporter cet \u00e9t\u00e9 dans votre valise.\" \/>\n<meta name=\"robots\" content=\"index, follow, max-snippet:-1, max-image-preview:large, max-video-preview:-1\" \/>\n<link rel=\"canonical\" href=\"https:\/\/www.eliott-markus.com\/wilo\/les-livres-a-emporter-cet-ete\/\" \/>\n<meta property=\"og:locale\" content=\"en_US\" \/>\n<meta property=\"og:type\" content=\"article\" \/>\n<meta property=\"og:title\" content=\"Les livres \u00e0 emporter cet \u00e9t\u00e9\" \/>\n<meta property=\"og:description\" content=\"\u2028Histoire, t\u00e9moignages, tribunes, polars et secrets, Eliott &amp; Markus vous conseille quelques lectures \u00e0 emporter cet \u00e9t\u00e9 dans votre valise.\" \/>\n<meta property=\"og:url\" content=\"https:\/\/www.eliott-markus.com\/wilo\/les-livres-a-emporter-cet-ete\/\" \/>\n<meta property=\"og:site_name\" content=\"eliott &amp; markus\" \/>\n<meta property=\"article:modified_time\" content=\"2023-11-13T13:59:14+00:00\" \/>\n<meta name=\"twitter:card\" content=\"summary_large_image\" \/>\n<meta name=\"twitter:label1\" content=\"Est. reading time\" \/>\n\t<meta name=\"twitter:data1\" content=\"5 minutes\" \/>\n<!-- \/ Yoast SEO plugin. -->","yoast_head_json":{"title":"Les livres \u00e0 emporter cet \u00e9t\u00e9","description":"\u2028Histoire, t\u00e9moignages, tribunes, polars et secrets, Eliott & Markus vous conseille quelques lectures \u00e0 emporter cet \u00e9t\u00e9 dans votre valise.","robots":{"index":"index","follow":"follow","max-snippet":"max-snippet:-1","max-image-preview":"max-image-preview:large","max-video-preview":"max-video-preview:-1"},"canonical":"https:\/\/www.eliott-markus.com\/wilo\/les-livres-a-emporter-cet-ete\/","og_locale":"en_US","og_type":"article","og_title":"Les livres \u00e0 emporter cet \u00e9t\u00e9","og_description":"\u2028Histoire, t\u00e9moignages, tribunes, polars et secrets, Eliott & Markus vous conseille quelques lectures \u00e0 emporter cet \u00e9t\u00e9 dans votre valise.","og_url":"https:\/\/www.eliott-markus.com\/wilo\/les-livres-a-emporter-cet-ete\/","og_site_name":"eliott &amp; markus","article_modified_time":"2023-11-13T13:59:14+00:00","twitter_card":"summary_large_image","twitter_misc":{"Est. reading time":"5 minutes"},"schema":{"@context":"https:\/\/schema.org","@graph":[{"@type":"WebPage","@id":"https:\/\/www.eliott-markus.com\/wilo\/les-livres-a-emporter-cet-ete\/","url":"https:\/\/www.eliott-markus.com\/wilo\/les-livres-a-emporter-cet-ete\/","name":"Les livres \u00e0 emporter cet \u00e9t\u00e9","isPartOf":{"@id":"https:\/\/www.eliott-markus.com\/#website"},"datePublished":"2017-07-25T10:47:46+00:00","dateModified":"2023-11-13T13:59:14+00:00","description":"\u2028Histoire, t\u00e9moignages, tribunes, polars et secrets, Eliott & Markus vous conseille quelques lectures \u00e0 emporter cet \u00e9t\u00e9 dans votre valise.","inLanguage":"en-US","potentialAction":[{"@type":"ReadAction","target":["https:\/\/www.eliott-markus.com\/wilo\/les-livres-a-emporter-cet-ete\/"]}]},{"@type":"WebSite","@id":"https:\/\/www.eliott-markus.com\/#website","url":"https:\/\/www.eliott-markus.com\/","name":"eliott & markus","description":"","publisher":{"@id":"https:\/\/www.eliott-markus.com\/#organization"},"potentialAction":[{"@type":"SearchAction","target":{"@type":"EntryPoint","urlTemplate":"https:\/\/www.eliott-markus.com\/?s={search_term_string}"},"query-input":{"@type":"PropertyValueSpecification","valueRequired":true,"valueName":"search_term_string"}}],"inLanguage":"en-US"},{"@type":"Organization","@id":"https:\/\/www.eliott-markus.com\/#organization","name":"eliott & markus","url":"https:\/\/www.eliott-markus.com\/","logo":{"@type":"ImageObject","inLanguage":"en-US","@id":"https:\/\/www.eliott-markus.com\/#\/schema\/logo\/image\/","url":"https:\/\/www.eliott-markus.com\/wp-content\/uploads\/2023\/06\/cropped-em_fav_2-1.png","contentUrl":"https:\/\/www.eliott-markus.com\/wp-content\/uploads\/2023\/06\/cropped-em_fav_2-1.png","width":512,"height":512,"caption":"eliott & markus"},"image":{"@id":"https:\/\/www.eliott-markus.com\/#\/schema\/logo\/image\/"}}]}},"_links":{"self":[{"href":"https:\/\/www.eliott-markus.com\/en\/wp-json\/wp\/v2\/wilo\/1875","targetHints":{"allow":["GET"]}}],"collection":[{"href":"https:\/\/www.eliott-markus.com\/en\/wp-json\/wp\/v2\/wilo"}],"about":[{"href":"https:\/\/www.eliott-markus.com\/en\/wp-json\/wp\/v2\/types\/wilo"}],"author":[{"embeddable":true,"href":"https:\/\/www.eliott-markus.com\/en\/wp-json\/wp\/v2\/users\/11"}],"version-history":[{"count":3,"href":"https:\/\/www.eliott-markus.com\/en\/wp-json\/wp\/v2\/wilo\/1875\/revisions"}],"predecessor-version":[{"id":4694,"href":"https:\/\/www.eliott-markus.com\/en\/wp-json\/wp\/v2\/wilo\/1875\/revisions\/4694"}],"wp:attachment":[{"href":"https:\/\/www.eliott-markus.com\/en\/wp-json\/wp\/v2\/media?parent=1875"}],"wp:term":[{"taxonomy":"category","embeddable":true,"href":"https:\/\/www.eliott-markus.com\/en\/wp-json\/wp\/v2\/categories?post=1875"},{"taxonomy":"post_tag","embeddable":true,"href":"https:\/\/www.eliott-markus.com\/en\/wp-json\/wp\/v2\/tags?post=1875"}],"curies":[{"name":"wp","href":"https:\/\/api.w.org\/{rel}","templated":true}]}}