{"id":1915,"date":"2016-08-30T10:46:51","date_gmt":"2016-08-30T10:46:51","guid":{"rendered":"https:\/\/www.eliott-markus.com\/wilo\/la-fin-de-lunicite-de-nouvelles-perspectives-entrepreneuriales-pour-les-avocats\/"},"modified":"2023-06-22T16:02:05","modified_gmt":"2023-06-22T16:02:05","slug":"la-fin-de-lunicite-de-nouvelles-perspectives-entrepreneuriales-pour-les-avocats","status":"publish","type":"wilo","link":"https:\/\/www.eliott-markus.com\/en\/wilo\/la-fin-de-lunicite-de-nouvelles-perspectives-entrepreneuriales-pour-les-avocats\/","title":{"rendered":"La fin de l&#8217;unicit\u00e9 : de nouvelles perspectives entrepreneuriales pour les avocats ?"},"content":{"rendered":"\n<h2 class=\"wp-block-heading\"><strong>Les d\u00e9crets d\u2019application de la loi Macron frappent l\u00e0 o\u00f9 on ne les attend pas. Alors que la loi elle-m\u00eame n\u2019aborde pas cette question, un des d\u00e9crets de la loi Macron du 29 juin 2016 (1)\u00a0semble avoir son propre agenda pour moderniser l\u2019exercice de la profession d\u2019avocat.<\/strong><\/h2>\n\n\n\n<p>En effet, le 5\u00b0 de l&#8217;article 1<sup>er<\/sup>\u00a0du\u00a0d\u00e9cret n\u00b0 2016-878 apporte une innovation de taille. Ce texte revient sur une r\u00e8gle aussi traditionnelle que fondamentale de la profession d&#8217;avocat\u00a0: celle de l\u2019unicit\u00e9 d\u2019exercice.<\/p>\n\n\n\n<p><strong>La r\u00e8gle d\u2019unicit\u00e9 d\u2019exercice<\/strong> n\u2019est pas une r\u00e8gle obscure dont seuls les d\u00e9ontologues avertis avaient conscience, c\u2019est le principe selon lequel l\u2019avocat n\u2019est associ\u00e9 que d\u2019une structure d\u2019exercice. Or, le d\u00e9cret supprime le principe de l&#8217;unicit\u00e9 d&#8217;exercice dans les SEL en abrogeant l&#8217;article 20 et en modifiant l&#8217;article 22 du d\u00e9cret n\u00b0 93-492 du 25 mars 1993, qui pr\u00e9voit d\u00e9sormais que\u00a0<em>\u00ab\u00a0les associ\u00e9s exer\u00e7ant au sein de la soci\u00e9t\u00e9 l&#8217;informent et s&#8217;informent mutuellement de leur activit\u00e9\u00a0\u00bb<\/em><em>.<\/em> Ainsi, depuis le 1<sup>er<\/sup>\u00a0ao\u00fbt 2016, l&#8217;exclusivit\u00e9 de l&#8217;exercice professionnel n\u2019est plus obligatoire, sauf si les associ\u00e9s en d\u00e9cident autrement \u00e0 la majorit\u00e9 pr\u00e9vue pour la modification des statuts de la soci\u00e9t\u00e9. Les associ\u00e9s de SCP, quant \u00e0 eux, sont toujours soumis \u00e0 l&#8217;article 43 du d\u00e9cret n\u00b0 92-680 du 20 juillet 1992\u00a0qui dispose que\u00a0\u00ab\u00a0tout associ\u00e9 ne peut \u00eatre membre que d&#8217;une seule soci\u00e9t\u00e9 civile professionnelle d&#8217;avocats et ne peut exercer ses fonctions ni \u00e0 titre individuel, ni en qualit\u00e9 de membre d&#8217;une soci\u00e9t\u00e9 d&#8217;exercice lib\u00e9ral\u00a0\u00bb. Peut-\u00eatre qu\u2019un texte viendra prochainement r\u00e9parer cette in\u00e9galit\u00e9 de traitement.<\/p>\n\n\n\n<p>Certes, le changement ne va pas s&#8217;appliquer aux associ\u00e9s de SEL d&#8217;avocats constitu\u00e9es avant le 1<sup>er<\/sup>\u00a0ao\u00fbt 2016. Ceci vient limiter la port\u00e9e imm\u00e9diate du texte. En revanche, il concerne toutes les SEL n\u00e9es apr\u00e8s cette date.<\/p>\n\n\n\n<p><strong>Pourquoi ces quelques lignes gliss\u00e9es dans ce d\u00e9cret ont-elles une telle importance\u00a0?<\/strong> Parce qu\u2019elles constituent une v\u00e9ritable lib\u00e9ration des perspectives entrepreneuriales de l\u2019avocat.<\/p>\n\n\n\n<p>Nous passons d\u2019une vision fond\u00e9e sur l\u2019exercice professionnel de l\u2019individu \u00e0 une vision plus large de l\u2019avocat pouvant d\u00e9ployer son activit\u00e9 tant sur le plan op\u00e9rationnel que capitalistique. La fin de l\u2019unicit\u00e9 co\u00efncide avec les nouvelles r\u00e8gles sur les prises de participations dans les SEL.<\/p>\n\n\n\n<p><strong>Le nouvel avocat entrepreneur<\/strong> peut non seulement investir mais aussi exercer dans plusieurs structures. L\u2019avocat entrepreneur va pouvoir vivre plusieurs aventures entrepreneuriales sans \u00eatre n\u00e9cessairement li\u00e9 au sort des associ\u00e9s de sa structure d\u2019exercice \u00ab\u00a0de d\u00e9part\u00a0\u00bb.<\/p>\n\n\n\n<p><strong>Nous pouvons d\u00e9j\u00e0 imaginer que nous verrons coexister au sein d\u2019un m\u00eame cabinet des personnalit\u00e9s tr\u00e8s diff\u00e9rentes\u00a0<\/strong>:<\/p>\n\n\n\n<ul class=\"wp-block-list\"><li>l\u2019entrepreneur \/investisseur qui ne souhaitera pas limiter sa vie et ses perspectives professionnelles au seul cabinet initial<\/li><li>d\u2019autres, plus conservateurs qui pr\u00e9f\u00e8reront rester dans un exercice classique.<\/li><\/ul>\n\n\n\n<p>Les diff\u00e9rences de vues sur le plan strat\u00e9gique ne devront plus n\u00e9cessairement \u00eatre des causes de tensions et de dissensions puisqu\u2019elles pourront s\u2019exprimer plus librement.<\/p>\n\n\n\n<p>Nous pouvons imaginer l\u2019avocat qui reste dans le cabinet familial tout en pouvant d\u00e9velopper une activit\u00e9 autonome en parall\u00e8le.<\/p>\n\n\n\n<p>La fin de l\u2019unicit\u00e9 d\u2019exercice est un choc positif.<br>Il ne reste qu\u2019\u00e0 lib\u00e9rer l\u2019\u00e9nergie et la cr\u00e9ativit\u00e9 pour se l\u2019approprier.<\/p>\n\n\n\n<p>(1)\u00a0D\u00e9cret n\u00b0 2016-878 di 29 juin 2016<\/p>\n","protected":false},"author":11,"featured_media":0,"template":"","categories":[215],"tags":[24,45,101],"class_list":["post-1915","wilo","type-wilo","status-publish","hentry","category-skills","tag-avocats","tag-business-development","tag-entrepreneuriat"],"acf":[],"yoast_head":"<!-- This site is optimized with the Yoast SEO plugin v27.3 - https:\/\/yoast.com\/product\/yoast-seo-wordpress\/ -->\n<title>La fin de l&#039;unicit\u00e9 : de nouvelles perspectives entrepreneuriales pour les avocats ?<\/title>\n<meta name=\"description\" content=\"Les d\u00e9crets d\u2019application de la loi Macron frappent l\u00e0 o\u00f9 on ne les attend pas. Alors que la loi elle-m\u00eame n\u2019aborde pas cette question,\" \/>\n<meta name=\"robots\" content=\"index, follow, max-snippet:-1, max-image-preview:large, max-video-preview:-1\" \/>\n<link rel=\"canonical\" href=\"https:\/\/www.eliott-markus.com\/wilo\/la-fin-de-lunicite-de-nouvelles-perspectives-entrepreneuriales-pour-les-avocats\/\" \/>\n<meta property=\"og:locale\" content=\"en_US\" \/>\n<meta property=\"og:type\" content=\"article\" \/>\n<meta property=\"og:title\" content=\"La fin de l&#039;unicit\u00e9 : de nouvelles perspectives entrepreneuriales pour les avocats ?\" \/>\n<meta property=\"og:description\" content=\"Les d\u00e9crets d\u2019application de la loi Macron frappent l\u00e0 o\u00f9 on ne les attend pas. Alors que la loi elle-m\u00eame n\u2019aborde pas cette question,\" \/>\n<meta property=\"og:url\" content=\"https:\/\/www.eliott-markus.com\/wilo\/la-fin-de-lunicite-de-nouvelles-perspectives-entrepreneuriales-pour-les-avocats\/\" \/>\n<meta property=\"og:site_name\" content=\"eliott &amp; markus\" \/>\n<meta property=\"article:modified_time\" content=\"2023-06-22T16:02:05+00:00\" \/>\n<meta name=\"twitter:card\" content=\"summary_large_image\" \/>\n<meta name=\"twitter:label1\" content=\"Est. reading time\" \/>\n\t<meta name=\"twitter:data1\" content=\"3 minutes\" \/>\n<!-- \/ Yoast SEO plugin. -->","yoast_head_json":{"title":"La fin de l'unicit\u00e9 : de nouvelles perspectives entrepreneuriales pour les avocats ?","description":"Les d\u00e9crets d\u2019application de la loi Macron frappent l\u00e0 o\u00f9 on ne les attend pas. Alors que la loi elle-m\u00eame n\u2019aborde pas cette question,","robots":{"index":"index","follow":"follow","max-snippet":"max-snippet:-1","max-image-preview":"max-image-preview:large","max-video-preview":"max-video-preview:-1"},"canonical":"https:\/\/www.eliott-markus.com\/wilo\/la-fin-de-lunicite-de-nouvelles-perspectives-entrepreneuriales-pour-les-avocats\/","og_locale":"en_US","og_type":"article","og_title":"La fin de l'unicit\u00e9 : de nouvelles perspectives entrepreneuriales pour les avocats ?","og_description":"Les d\u00e9crets d\u2019application de la loi Macron frappent l\u00e0 o\u00f9 on ne les attend pas. Alors que la loi elle-m\u00eame n\u2019aborde pas cette question,","og_url":"https:\/\/www.eliott-markus.com\/wilo\/la-fin-de-lunicite-de-nouvelles-perspectives-entrepreneuriales-pour-les-avocats\/","og_site_name":"eliott &amp; markus","article_modified_time":"2023-06-22T16:02:05+00:00","twitter_card":"summary_large_image","twitter_misc":{"Est. reading time":"3 minutes"},"schema":{"@context":"https:\/\/schema.org","@graph":[{"@type":"WebPage","@id":"https:\/\/www.eliott-markus.com\/wilo\/la-fin-de-lunicite-de-nouvelles-perspectives-entrepreneuriales-pour-les-avocats\/","url":"https:\/\/www.eliott-markus.com\/wilo\/la-fin-de-lunicite-de-nouvelles-perspectives-entrepreneuriales-pour-les-avocats\/","name":"La fin de l'unicit\u00e9 : de nouvelles perspectives entrepreneuriales pour les avocats ?","isPartOf":{"@id":"https:\/\/www.eliott-markus.com\/#website"},"datePublished":"2016-08-30T10:46:51+00:00","dateModified":"2023-06-22T16:02:05+00:00","description":"Les d\u00e9crets d\u2019application de la loi Macron frappent l\u00e0 o\u00f9 on ne les attend pas. Alors que la loi elle-m\u00eame n\u2019aborde pas cette question,","inLanguage":"en-US","potentialAction":[{"@type":"ReadAction","target":["https:\/\/www.eliott-markus.com\/wilo\/la-fin-de-lunicite-de-nouvelles-perspectives-entrepreneuriales-pour-les-avocats\/"]}]},{"@type":"WebSite","@id":"https:\/\/www.eliott-markus.com\/#website","url":"https:\/\/www.eliott-markus.com\/","name":"eliott & markus","description":"","publisher":{"@id":"https:\/\/www.eliott-markus.com\/#organization"},"potentialAction":[{"@type":"SearchAction","target":{"@type":"EntryPoint","urlTemplate":"https:\/\/www.eliott-markus.com\/?s={search_term_string}"},"query-input":{"@type":"PropertyValueSpecification","valueRequired":true,"valueName":"search_term_string"}}],"inLanguage":"en-US"},{"@type":"Organization","@id":"https:\/\/www.eliott-markus.com\/#organization","name":"eliott & markus","url":"https:\/\/www.eliott-markus.com\/","logo":{"@type":"ImageObject","inLanguage":"en-US","@id":"https:\/\/www.eliott-markus.com\/#\/schema\/logo\/image\/","url":"https:\/\/www.eliott-markus.com\/wp-content\/uploads\/2023\/06\/cropped-em_fav_2-1.png","contentUrl":"https:\/\/www.eliott-markus.com\/wp-content\/uploads\/2023\/06\/cropped-em_fav_2-1.png","width":512,"height":512,"caption":"eliott & markus"},"image":{"@id":"https:\/\/www.eliott-markus.com\/#\/schema\/logo\/image\/"}}]}},"_links":{"self":[{"href":"https:\/\/www.eliott-markus.com\/en\/wp-json\/wp\/v2\/wilo\/1915","targetHints":{"allow":["GET"]}}],"collection":[{"href":"https:\/\/www.eliott-markus.com\/en\/wp-json\/wp\/v2\/wilo"}],"about":[{"href":"https:\/\/www.eliott-markus.com\/en\/wp-json\/wp\/v2\/types\/wilo"}],"author":[{"embeddable":true,"href":"https:\/\/www.eliott-markus.com\/en\/wp-json\/wp\/v2\/users\/11"}],"version-history":[{"count":1,"href":"https:\/\/www.eliott-markus.com\/en\/wp-json\/wp\/v2\/wilo\/1915\/revisions"}],"predecessor-version":[{"id":2323,"href":"https:\/\/www.eliott-markus.com\/en\/wp-json\/wp\/v2\/wilo\/1915\/revisions\/2323"}],"wp:attachment":[{"href":"https:\/\/www.eliott-markus.com\/en\/wp-json\/wp\/v2\/media?parent=1915"}],"wp:term":[{"taxonomy":"category","embeddable":true,"href":"https:\/\/www.eliott-markus.com\/en\/wp-json\/wp\/v2\/categories?post=1915"},{"taxonomy":"post_tag","embeddable":true,"href":"https:\/\/www.eliott-markus.com\/en\/wp-json\/wp\/v2\/tags?post=1915"}],"curies":[{"name":"wp","href":"https:\/\/api.w.org\/{rel}","templated":true}]}}