{"id":1918,"date":"2016-08-02T10:58:29","date_gmt":"2016-08-02T10:58:29","guid":{"rendered":"https:\/\/www.eliott-markus.com\/wilo\/les-trois-resolutions-de-lete-1-3\/"},"modified":"2023-06-22T16:06:14","modified_gmt":"2023-06-22T16:06:14","slug":"les-trois-resolutions-de-lete-1-3","status":"publish","type":"wilo","link":"https:\/\/www.eliott-markus.com\/en\/wilo\/les-trois-resolutions-de-lete-1-3\/","title":{"rendered":"Les trois r\u00e9solutions de l\u2019\u00e9t\u00e9 (1\/3)"},"content":{"rendered":"\n<h2 class=\"wp-block-heading\">Parce que m\u00eame s\u2019il est consacr\u00e9 au repos, au soleil, \u00e0 la famille ou aux amis, le mois d\u2019ao\u00fbt peut quand m\u00eame \u00eatre un mois productif. Sur la plage, alors que vous bronzez les yeux ferm\u00e9s, nous vous proposons de r\u00e9fl\u00e9chir \u00e0 ce que vous pouvez faire pour votre cabinet\u2026 ces petites am\u00e9liorations qui peuvent faire de grandes diff\u00e9rences.<\/h2>\n\n\n\n<p>Voici le premier volet d\u2019une mini-s\u00e9rie de trois \u00e9pisodes intitul\u00e9e \u00ab\u00a0Les trois r\u00e9solutions de l\u2019\u00e9t\u00e9 pour la politique de formation du cabinet\u00a0\u00bb. Le premier volet sera consacr\u00e9 \u00e0 la politique de formation des clients, le second \u00e0 la politique de formation des collaborateurs et le dernier \u00e0 l\u2019exploitation de ces efforts de formation en termes de communication. Pourquoi avoir choisi le th\u00e8me de la formation\u00a0? Parce qu\u2019il est \u00e0 la convergence du juridique, de l\u2019intellectuel et de la communication du cabinet.<\/p>\n\n\n\n<h3 class=\"wp-block-heading\">1 \u00e8re r\u00e9solution\u00a0: la formation des clients<\/h3>\n\n\n\n<p>L\u2019objectif n\u2019est pas de rappeler l\u2019importance centrale de la formation au sein du cabinet d\u2019avocats mais de vous aider, de mani\u00e8re tr\u00e8s concr\u00e8te, \u00e0 am\u00e9liorer ce que vous fa\u00eetes ou de vous aider \u00e0 mettre en place les premi\u00e8res briques d\u2019une activit\u00e9 de formation si vous ne fa\u00eetes (encore) rien.<\/p>\n\n\n\n<p>Rappelons que les actions de formation des clients par le cabinet contribuent \u00e0 leur fid\u00e9lit\u00e9. En lui proposant de le former, le cabinet t\u00e9moigne au client son attachement et l\u2019importance qu\u2019il lui accorde. Il montre qu\u2019il n\u2019est pas seulement pr\u00e9sent pour lui facturer des honoraires quand il assiste le client sur un point pr\u00e9cis ou quand il l\u2019aide \u00e0 surmonter une difficult\u00e9 ou une crise, il est aussi \u00e0 ses c\u00f4t\u00e9s pour l\u2019aider \u00e0 progresser, m\u00eame en dehors des dossiers. Les clients se montrent tr\u00e8s r\u00e9ceptifs car, en proposant des formations, l\u2019avocat montre qu\u2019il est dispos\u00e9 \u00e0 partager son savoir plut\u00f4t que de le garder jalousement. De telles formations sont donc aussi des op\u00e9rations de marketing.<\/p>\n\n\n\n<p>Pour les cabinets qui n\u2019ont qu\u2019une exp\u00e9rience limit\u00e9e de ces activit\u00e9s, il ne faut plus h\u00e9siter \u00e0 passer \u00e0 l\u2019acte. Voici le mode d\u2019emploi\u00a0:<\/p>\n\n\n\n<p>Choisir son th\u00e8me. Sauf pour les cabinets experts dont l\u2019activit\u00e9 de formation est d\u00e9j\u00e0 bien \u00e9tablie, il est pr\u00e9f\u00e9rable de rester dans les approches classiques\u00a0:<\/p>\n\n\n\n<ul class=\"wp-block-list\"><li>une mise \u00e0 jour des connaissances en fonction de l\u2019actualit\u00e9 juridique\u00a0;<\/li><li>une analyse de l\u2019environnement l\u00e9gislatif et r\u00e9glementaire dans lequel se trouve le client;<\/li><li>une analyse de l\u2019impact (risques, adaptation, opportunit\u00e9s) pour le client de changements de son environnement l\u00e9gislatif ou \u00e9conomique (nouvelles lois, textes europ\u00e9ens, crise \u00e9conomique\u2026);<\/li><li>une sensibilisation \u00e0 des difficult\u00e9s pr\u00e9cises r\u00e9guli\u00e8rement rencontr\u00e9es par le client ou par une cat\u00e9gorie de clients;<\/li><li>une meilleure anticipation des difficult\u00e9s afin d\u2019am\u00e9liorer la qualit\u00e9 du travail entre le client et le cabinet.<\/li><\/ul>\n\n\n\n<p>Choisir sa cible. Ici encore, le choix est vaste et la formation peut aussi bien s\u2019adresser\u00a0:<\/p>\n\n\n\n<ul class=\"wp-block-list\"><li>\u00e0 des groupes compos\u00e9s de clients diff\u00e9rents;<\/li><li>\u00e0 des groupes compos\u00e9s de clients d\u2019un m\u00eame secteur\u00a0;<\/li><li>\u00e0 un client unique;<\/li><li>\u00e0 des groupes de personnes chez un m\u00eame client.<\/li><\/ul>\n\n\n\n<p>Si une m\u00eame formation s\u2019adresse \u00e0 un groupe de clients, tous les points abord\u00e9s doivent respecter l\u2019obligation de confidentialit\u00e9. Ainsi, dans le choix des exemples ou dans les commentaires de l\u2019avocat charg\u00e9 de la formation ou dans les documents fournis en support de la formation, le cabinet doit se garder d\u2019exposer la moindre information \u00e0 caract\u00e8re confidentiel.<\/p>\n\n\n\n<p>L\u2019horaire, la date et le lieu. Il faut pr\u00e9f\u00e9rer les matins avec des formats courts qui permettent aux personnes pr\u00e9sentes de ne pas perdre une demi-journ\u00e9e de travail. Les mardis et les jeudis \u00e9viteront le stress du lundi matin ou les contraintes du mercredi pour les personnes qui travaillent avec des horaires am\u00e9nag\u00e9s. Quant au lieu, il faut privil\u00e9gier le cabinet car l\u2019objectif est d\u2019inviter le client sur le territoire de l\u2019avocat.<\/p>\n\n\n\n<p>Enfin, la formation est toujours gratuite (sauf s\u2019il s\u2019agit d\u2019une formation pr\u00e9par\u00e9e \u00e0 la demande d\u2019un client et destin\u00e9e sp\u00e9cifiquement \u00e0 ses \u00e9quipes).<\/p>\n\n\n\n<p>Pour les cabinets qui ont d\u00e9j\u00e0 une exp\u00e9rience de la formation des clients, le d\u00e9fi va consister \u00e0 \u00e9viter le pi\u00e8ge classique consistant \u00e0 oublier de transformer en chiffre d\u2019affaires les efforts de formation du cabinet. En effet, pour les cabinets qui pratiquent des actions r\u00e9guli\u00e8res de formation, il y a un risque de voir cette activit\u00e9 s\u2019installer dans une routine. Le public qui assiste aux formations n\u2019\u00e9volue plus et le cabinet entretient cette activit\u00e9 pour des habitu\u00e9s qui ne contribuent pas au d\u00e9veloppement du chiffre d\u2019affaires. Pour \u00e9viter ces \u00e9cueils, il faudra\u00a0:<\/p>\n\n\n\n<ul class=\"wp-block-list\"><li>Mettre \u00e0 jour et am\u00e9liorer le fichier\u00a0: demander \u00e0 tous les avocats du cabinet d\u2019enrichir le fichier avec leurs contacts les plus r\u00e9cents en veillant \u00e0 qualifier chaque contact avec ses centres d\u2019int\u00e9r\u00eats.<\/li><li>Rester avec les clients \u00e0 l\u2019issue de la formation\u00a0: C\u2019est un moment cl\u00e9 d\u2019\u00e9change avec les personnes pr\u00e9sentes. L\u2019avocat intervenant est un h\u00f4te et doit se comporter comme tel. Chaque personne pr\u00e9sente est identifi\u00e9e et doit faire l\u2019objet d\u2019une marque d\u2019attention personnelle.<\/li><li>Utiliser des questionnaires pour faire remonter des besoins\u00a0: il faut garder le lien apr\u00e8s la formation. La transmission d\u2019un questionnaire est un moyen de conserver le contact. Ce questionnaire ne se limitera pas \u00e0 interroger le client sur sa satisfaction mais devra chercher \u00e0 entrer dans le d\u00e9tail autour de la th\u00e9matique de la formation pour faire jaillir des questions et la manifestation de nouveaux besoins.<\/li><\/ul>\n\n\n\n<p>Toute invitation doit \u00eatre faite au moins quatre semaines \u00e0 l\u2019avance. C\u2019est donc le moment de commencer \u00e0 r\u00e9fl\u00e9chir \u00e0 la formation que vous allez organiser pour les premiers jours d\u2019octobre.<\/p>\n","protected":false},"author":11,"featured_media":0,"template":"","categories":[211],"tags":[24,70,92,44],"class_list":["post-1918","wilo","type-wilo","status-publish","hentry","category-metiers","tag-avocats","tag-conseil","tag-droit","tag-strategie"],"acf":[],"yoast_head":"<!-- This site is optimized with the Yoast SEO plugin v27.3 - https:\/\/yoast.com\/product\/yoast-seo-wordpress\/ -->\n<title>Les trois r\u00e9solutions de l\u2019\u00e9t\u00e9 (1\/3)<\/title>\n<meta name=\"description\" content=\"Parce que m\u00eame s\u2019il est consacr\u00e9 au repos, au soleil, \u00e0 la famille ou aux amis, le mois d\u2019ao\u00fbt peut quand m\u00eame \u00eatre un mois productif.\" \/>\n<meta name=\"robots\" content=\"index, follow, max-snippet:-1, max-image-preview:large, max-video-preview:-1\" \/>\n<link rel=\"canonical\" href=\"https:\/\/www.eliott-markus.com\/wilo\/les-trois-resolutions-de-lete-1-3\/\" \/>\n<meta property=\"og:locale\" content=\"en_US\" \/>\n<meta property=\"og:type\" content=\"article\" \/>\n<meta property=\"og:title\" content=\"Les trois r\u00e9solutions de l\u2019\u00e9t\u00e9 (1\/3)\" \/>\n<meta property=\"og:description\" content=\"Parce que m\u00eame s\u2019il est consacr\u00e9 au repos, au soleil, \u00e0 la famille ou aux amis, le mois d\u2019ao\u00fbt peut quand m\u00eame \u00eatre un mois productif.\" \/>\n<meta property=\"og:url\" content=\"https:\/\/www.eliott-markus.com\/wilo\/les-trois-resolutions-de-lete-1-3\/\" \/>\n<meta property=\"og:site_name\" content=\"eliott &amp; markus\" \/>\n<meta property=\"article:modified_time\" content=\"2023-06-22T16:06:14+00:00\" \/>\n<meta name=\"twitter:card\" content=\"summary_large_image\" \/>\n<meta name=\"twitter:label1\" content=\"Est. reading time\" \/>\n\t<meta name=\"twitter:data1\" content=\"5 minutes\" \/>\n<!-- \/ Yoast SEO plugin. -->","yoast_head_json":{"title":"Les trois r\u00e9solutions de l\u2019\u00e9t\u00e9 (1\/3)","description":"Parce que m\u00eame s\u2019il est consacr\u00e9 au repos, au soleil, \u00e0 la famille ou aux amis, le mois d\u2019ao\u00fbt peut quand m\u00eame \u00eatre un mois productif.","robots":{"index":"index","follow":"follow","max-snippet":"max-snippet:-1","max-image-preview":"max-image-preview:large","max-video-preview":"max-video-preview:-1"},"canonical":"https:\/\/www.eliott-markus.com\/wilo\/les-trois-resolutions-de-lete-1-3\/","og_locale":"en_US","og_type":"article","og_title":"Les trois r\u00e9solutions de l\u2019\u00e9t\u00e9 (1\/3)","og_description":"Parce que m\u00eame s\u2019il est consacr\u00e9 au repos, au soleil, \u00e0 la famille ou aux amis, le mois d\u2019ao\u00fbt peut quand m\u00eame \u00eatre un mois productif.","og_url":"https:\/\/www.eliott-markus.com\/wilo\/les-trois-resolutions-de-lete-1-3\/","og_site_name":"eliott &amp; markus","article_modified_time":"2023-06-22T16:06:14+00:00","twitter_card":"summary_large_image","twitter_misc":{"Est. reading time":"5 minutes"},"schema":{"@context":"https:\/\/schema.org","@graph":[{"@type":"WebPage","@id":"https:\/\/www.eliott-markus.com\/wilo\/les-trois-resolutions-de-lete-1-3\/","url":"https:\/\/www.eliott-markus.com\/wilo\/les-trois-resolutions-de-lete-1-3\/","name":"Les trois r\u00e9solutions de l\u2019\u00e9t\u00e9 (1\/3)","isPartOf":{"@id":"https:\/\/www.eliott-markus.com\/#website"},"datePublished":"2016-08-02T10:58:29+00:00","dateModified":"2023-06-22T16:06:14+00:00","description":"Parce que m\u00eame s\u2019il est consacr\u00e9 au repos, au soleil, \u00e0 la famille ou aux amis, le mois d\u2019ao\u00fbt peut quand m\u00eame \u00eatre un mois productif.","inLanguage":"en-US","potentialAction":[{"@type":"ReadAction","target":["https:\/\/www.eliott-markus.com\/wilo\/les-trois-resolutions-de-lete-1-3\/"]}]},{"@type":"WebSite","@id":"https:\/\/www.eliott-markus.com\/#website","url":"https:\/\/www.eliott-markus.com\/","name":"eliott & markus","description":"","publisher":{"@id":"https:\/\/www.eliott-markus.com\/#organization"},"potentialAction":[{"@type":"SearchAction","target":{"@type":"EntryPoint","urlTemplate":"https:\/\/www.eliott-markus.com\/?s={search_term_string}"},"query-input":{"@type":"PropertyValueSpecification","valueRequired":true,"valueName":"search_term_string"}}],"inLanguage":"en-US"},{"@type":"Organization","@id":"https:\/\/www.eliott-markus.com\/#organization","name":"eliott & markus","url":"https:\/\/www.eliott-markus.com\/","logo":{"@type":"ImageObject","inLanguage":"en-US","@id":"https:\/\/www.eliott-markus.com\/#\/schema\/logo\/image\/","url":"https:\/\/www.eliott-markus.com\/wp-content\/uploads\/2023\/06\/cropped-em_fav_2-1.png","contentUrl":"https:\/\/www.eliott-markus.com\/wp-content\/uploads\/2023\/06\/cropped-em_fav_2-1.png","width":512,"height":512,"caption":"eliott & markus"},"image":{"@id":"https:\/\/www.eliott-markus.com\/#\/schema\/logo\/image\/"}}]}},"_links":{"self":[{"href":"https:\/\/www.eliott-markus.com\/en\/wp-json\/wp\/v2\/wilo\/1918","targetHints":{"allow":["GET"]}}],"collection":[{"href":"https:\/\/www.eliott-markus.com\/en\/wp-json\/wp\/v2\/wilo"}],"about":[{"href":"https:\/\/www.eliott-markus.com\/en\/wp-json\/wp\/v2\/types\/wilo"}],"author":[{"embeddable":true,"href":"https:\/\/www.eliott-markus.com\/en\/wp-json\/wp\/v2\/users\/11"}],"version-history":[{"count":1,"href":"https:\/\/www.eliott-markus.com\/en\/wp-json\/wp\/v2\/wilo\/1918\/revisions"}],"predecessor-version":[{"id":2326,"href":"https:\/\/www.eliott-markus.com\/en\/wp-json\/wp\/v2\/wilo\/1918\/revisions\/2326"}],"wp:attachment":[{"href":"https:\/\/www.eliott-markus.com\/en\/wp-json\/wp\/v2\/media?parent=1918"}],"wp:term":[{"taxonomy":"category","embeddable":true,"href":"https:\/\/www.eliott-markus.com\/en\/wp-json\/wp\/v2\/categories?post=1918"},{"taxonomy":"post_tag","embeddable":true,"href":"https:\/\/www.eliott-markus.com\/en\/wp-json\/wp\/v2\/tags?post=1918"}],"curies":[{"name":"wp","href":"https:\/\/api.w.org\/{rel}","templated":true}]}}