{"id":1946,"date":"2016-01-19T16:21:57","date_gmt":"2016-01-19T16:21:57","guid":{"rendered":"https:\/\/www.eliott-markus.com\/wilo\/les-clients-ont-ils-dompte-leurs-avocats\/"},"modified":"2023-06-22T15:59:21","modified_gmt":"2023-06-22T15:59:21","slug":"les-clients-ont-ils-dompte-leurs-avocats","status":"publish","type":"wilo","link":"https:\/\/www.eliott-markus.com\/en\/wilo\/les-clients-ont-ils-dompte-leurs-avocats\/","title":{"rendered":"Les clients ont-ils dompt\u00e9 leurs avocats ?"},"content":{"rendered":"\n<h2 class=\"wp-block-heading\">Un article publi\u00e9 le 18 janvier par Les Echos sur le site Les Echos Business porte le titre \u00ab\u00a0La Soci\u00e9t\u00e9 G\u00e9n\u00e9rale dompte ses avocats\u00a0\u00bb<a href=\"http:\/\/business.lesechos.fr\/directions-juridiques\/avocats-et-conseils\/choisir-son-avocat\/021613357626-societe-generale-dompte-ses-avocats-206253.php\" target=\"_blank\" rel=\"noreferrer noopener\">[1]<\/a>. L\u2019article n\u2019a aucun rapport avec les rebondissements de l\u2019affaire Kerviel. Il explique comment la banque s\u2019est organis\u00e9e pour contr\u00f4ler ses achats de prestations juridiques externes et notamment pour \u00e9viter le moindre d\u00e9passement de budget. Ici, le propos n\u2019est pas d\u2019analyser les m\u00e9thodes de la Soci\u00e9t\u00e9 G\u00e9n\u00e9rale mais de r\u00e9agir au titre de cet article.<\/h2>\n\n\n\n<p>Il est peu probable que les avocats aient envie de sauter dans un cerceau ou de r\u00e9agir au claquement d\u2019un fouet\u2026 fut-ce celui de la Soci\u00e9t\u00e9 G\u00e9n\u00e9rale. Donc comment faire pour prosp\u00e9rer sans \u00eatre dompt\u00e9\u00a0? La r\u00e9ponse tient dans la perception de la valeur ajout\u00e9e du cabinet d\u2019avocats par le client, laquelle repose en grande partie sur les notions de sp\u00e9cificit\u00e9 et de qualit\u00e9 exclusive. Peu importe la taille du cabinet.<\/p>\n\n\n\n<p>Ceci est vrai pour les avocats comme dans les autres m\u00e9tiers de conseil. La prestation doit \u00eatre associ\u00e9e \u00e0 un nom ou une marque qui \u00e9voque la sp\u00e9cificit\u00e9 et la qualit\u00e9 recherch\u00e9es. Or, il ne suffit pas d\u2019avoir de la valeur, il faut que celle-ci soit per\u00e7ue et cette perception vient d\u2019un m\u00e9lange de visibilit\u00e9, de l\u00e9gitimit\u00e9 et de bouche \u00e0 oreille<\/p>\n\n\n\n<p>\u00ab\u00a0Pour telle prestation, ce cabinet est le meilleur\u00a0\u00bb. Voil\u00e0, en quelques mots, r\u00e9sum\u00e9e cette perception de la valeur ajout\u00e9e. Voil\u00e0 l\u2019objectif en mati\u00e8re de communication\u00a0: corroborer cette affirmation. Travail sur la visibilit\u00e9 par le r\u00e9f\u00e9rencement et la pr\u00e9sence digitale, travail sur la l\u00e9gitimit\u00e9 par la diffusion d\u2019un contenu pertinent et de qualit\u00e9. Le bouche \u00e0 oreille, quant \u00e0 lui, sera le r\u00e9sultat combin\u00e9 de la r\u00e9putation ainsi construite et du retour d\u2019exp\u00e9rience. \u00a0Il faut donner au client la certitude qu\u2019il a choisi le meilleur intervenant pour r\u00e9pondre \u00e0 son besoin. C\u2019est sans doute la condition pour ne pas \u00eatre dompt\u00e9.<\/p>\n","protected":false},"author":11,"featured_media":0,"template":"","categories":[211],"tags":[24,34,92],"class_list":["post-1946","wilo","type-wilo","status-publish","hentry","category-metiers","tag-avocats","tag-digital","tag-droit"],"acf":[],"yoast_head":"<!-- This site is optimized with the Yoast SEO plugin v27.3 - https:\/\/yoast.com\/product\/yoast-seo-wordpress\/ -->\n<title>Les clients ont-ils dompt\u00e9 leurs avocats ?<\/title>\n<meta name=\"description\" content=\"Un article publi\u00e9 le 18 janvier par Les Echos sur le site Les Echos Business porte le titre \u00ab La Soci\u00e9t\u00e9 G\u00e9n\u00e9rale dompte ses avocats \u00bb.\" \/>\n<meta name=\"robots\" content=\"index, follow, max-snippet:-1, max-image-preview:large, max-video-preview:-1\" \/>\n<link rel=\"canonical\" href=\"https:\/\/www.eliott-markus.com\/wilo\/les-clients-ont-ils-dompte-leurs-avocats\/\" \/>\n<meta property=\"og:locale\" content=\"en_US\" \/>\n<meta property=\"og:type\" content=\"article\" \/>\n<meta property=\"og:title\" content=\"Les clients ont-ils dompt\u00e9 leurs avocats ?\" \/>\n<meta property=\"og:description\" content=\"Un article publi\u00e9 le 18 janvier par Les Echos sur le site Les Echos Business porte le titre \u00ab La Soci\u00e9t\u00e9 G\u00e9n\u00e9rale dompte ses avocats \u00bb.\" \/>\n<meta property=\"og:url\" content=\"https:\/\/www.eliott-markus.com\/wilo\/les-clients-ont-ils-dompte-leurs-avocats\/\" \/>\n<meta property=\"og:site_name\" content=\"eliott &amp; markus\" \/>\n<meta property=\"article:modified_time\" content=\"2023-06-22T15:59:21+00:00\" \/>\n<meta name=\"twitter:card\" content=\"summary_large_image\" \/>\n<meta name=\"twitter:label1\" content=\"Est. reading time\" \/>\n\t<meta name=\"twitter:data1\" content=\"2 minutes\" \/>\n<!-- \/ Yoast SEO plugin. -->","yoast_head_json":{"title":"Les clients ont-ils dompt\u00e9 leurs avocats ?","description":"Un article publi\u00e9 le 18 janvier par Les Echos sur le site Les Echos Business porte le titre \u00ab La Soci\u00e9t\u00e9 G\u00e9n\u00e9rale dompte ses avocats \u00bb.","robots":{"index":"index","follow":"follow","max-snippet":"max-snippet:-1","max-image-preview":"max-image-preview:large","max-video-preview":"max-video-preview:-1"},"canonical":"https:\/\/www.eliott-markus.com\/wilo\/les-clients-ont-ils-dompte-leurs-avocats\/","og_locale":"en_US","og_type":"article","og_title":"Les clients ont-ils dompt\u00e9 leurs avocats ?","og_description":"Un article publi\u00e9 le 18 janvier par Les Echos sur le site Les Echos Business porte le titre \u00ab La Soci\u00e9t\u00e9 G\u00e9n\u00e9rale dompte ses avocats \u00bb.","og_url":"https:\/\/www.eliott-markus.com\/wilo\/les-clients-ont-ils-dompte-leurs-avocats\/","og_site_name":"eliott &amp; markus","article_modified_time":"2023-06-22T15:59:21+00:00","twitter_card":"summary_large_image","twitter_misc":{"Est. reading time":"2 minutes"},"schema":{"@context":"https:\/\/schema.org","@graph":[{"@type":"WebPage","@id":"https:\/\/www.eliott-markus.com\/wilo\/les-clients-ont-ils-dompte-leurs-avocats\/","url":"https:\/\/www.eliott-markus.com\/wilo\/les-clients-ont-ils-dompte-leurs-avocats\/","name":"Les clients ont-ils dompt\u00e9 leurs avocats ?","isPartOf":{"@id":"https:\/\/www.eliott-markus.com\/#website"},"datePublished":"2016-01-19T16:21:57+00:00","dateModified":"2023-06-22T15:59:21+00:00","description":"Un article publi\u00e9 le 18 janvier par Les Echos sur le site Les Echos Business porte le titre \u00ab La Soci\u00e9t\u00e9 G\u00e9n\u00e9rale dompte ses avocats \u00bb.","inLanguage":"en-US","potentialAction":[{"@type":"ReadAction","target":["https:\/\/www.eliott-markus.com\/wilo\/les-clients-ont-ils-dompte-leurs-avocats\/"]}]},{"@type":"WebSite","@id":"https:\/\/www.eliott-markus.com\/#website","url":"https:\/\/www.eliott-markus.com\/","name":"eliott & markus","description":"","publisher":{"@id":"https:\/\/www.eliott-markus.com\/#organization"},"potentialAction":[{"@type":"SearchAction","target":{"@type":"EntryPoint","urlTemplate":"https:\/\/www.eliott-markus.com\/?s={search_term_string}"},"query-input":{"@type":"PropertyValueSpecification","valueRequired":true,"valueName":"search_term_string"}}],"inLanguage":"en-US"},{"@type":"Organization","@id":"https:\/\/www.eliott-markus.com\/#organization","name":"eliott & markus","url":"https:\/\/www.eliott-markus.com\/","logo":{"@type":"ImageObject","inLanguage":"en-US","@id":"https:\/\/www.eliott-markus.com\/#\/schema\/logo\/image\/","url":"https:\/\/www.eliott-markus.com\/wp-content\/uploads\/2023\/06\/cropped-em_fav_2-1.png","contentUrl":"https:\/\/www.eliott-markus.com\/wp-content\/uploads\/2023\/06\/cropped-em_fav_2-1.png","width":512,"height":512,"caption":"eliott & markus"},"image":{"@id":"https:\/\/www.eliott-markus.com\/#\/schema\/logo\/image\/"}}]}},"_links":{"self":[{"href":"https:\/\/www.eliott-markus.com\/en\/wp-json\/wp\/v2\/wilo\/1946","targetHints":{"allow":["GET"]}}],"collection":[{"href":"https:\/\/www.eliott-markus.com\/en\/wp-json\/wp\/v2\/wilo"}],"about":[{"href":"https:\/\/www.eliott-markus.com\/en\/wp-json\/wp\/v2\/types\/wilo"}],"author":[{"embeddable":true,"href":"https:\/\/www.eliott-markus.com\/en\/wp-json\/wp\/v2\/users\/11"}],"version-history":[{"count":1,"href":"https:\/\/www.eliott-markus.com\/en\/wp-json\/wp\/v2\/wilo\/1946\/revisions"}],"predecessor-version":[{"id":2351,"href":"https:\/\/www.eliott-markus.com\/en\/wp-json\/wp\/v2\/wilo\/1946\/revisions\/2351"}],"wp:attachment":[{"href":"https:\/\/www.eliott-markus.com\/en\/wp-json\/wp\/v2\/media?parent=1946"}],"wp:term":[{"taxonomy":"category","embeddable":true,"href":"https:\/\/www.eliott-markus.com\/en\/wp-json\/wp\/v2\/categories?post=1946"},{"taxonomy":"post_tag","embeddable":true,"href":"https:\/\/www.eliott-markus.com\/en\/wp-json\/wp\/v2\/tags?post=1946"}],"curies":[{"name":"wp","href":"https:\/\/api.w.org\/{rel}","templated":true}]}}