{"id":1948,"date":"2016-01-05T08:44:21","date_gmt":"2016-01-05T08:44:21","guid":{"rendered":"https:\/\/www.eliott-markus.com\/wilo\/quel-marche-du-droit-pour-2016\/"},"modified":"2023-06-22T15:59:22","modified_gmt":"2023-06-22T15:59:22","slug":"quel-marche-du-droit-pour-2016","status":"publish","type":"wilo","link":"https:\/\/www.eliott-markus.com\/en\/wilo\/quel-marche-du-droit-pour-2016\/","title":{"rendered":"Quel march\u00e9 du droit pour 2016 ?"},"content":{"rendered":"\n<h2 class=\"wp-block-heading\">Une piste pour r\u00e9pondre \u00e0 cette question\u00a0: une lecture attentive du Financial Times Innovative Lawyers Report de 2015<sup><a href=\"http:\/\/im.ft-static.com\/content\/images\/cb7809b4-7808-11e5-a95a-27d368e1ddf7.pdf\" target=\"_blank\" rel=\"noreferrer noopener\">[1]<\/a><\/sup> . (Nous avions \u00e9voqu\u00e9 ce rapport lors de sa publication en octobre 2015). Edit\u00e9 chaque ann\u00e9e, ce document est sans doute une des sources les plus riches pour faire un tour d\u2019horizon des grandes \u00e9volutions du march\u00e9 du droit et des innovations qui nous attendent pour 2016.<\/h2>\n\n\n\n<p>Pour les avocats l\u2019innovation en 2016 s\u2019inscrira dans cinq grands chapitres\u00a0: le service client, la responsabilit\u00e9 soci\u00e9tale, l\u2019optimisation de la production (<em>strategic resourcing<\/em>), le business development et bien entendu la technologie.<\/p>\n\n\n\n<p>L\u2019innovation en mati\u00e8re de service au client consiste d\u2019abord \u00e0 travailler en coop\u00e9ration de plus en plus \u00e9troite avec les ressources internes du client. C\u2019est le cabinet qui s\u2019adapte aux capacit\u00e9s et aux m\u00e9thodes des clients notamment avec une nouvelle philosophie du partage des risques en ce qui concerne les honoraires.<\/p>\n\n\n\n<p>Concernant la responsabilit\u00e9 soci\u00e9tale (ou sociale), le pro bono s\u2019internationalise et se g\u00e9n\u00e9ralise. Les cabinets d\u2019avocats suivent la prise de conscience de leurs clients et se rendent compte qu\u2019ils doivent embrasser les valeurs de ceux qu\u2019ils accompagnent et repr\u00e9sentent. M\u00eame si certains pourraient y voir du calcul, la RSE devient une figure oblig\u00e9e pour tous ceux qui aspirent \u00e0 travailler avec de grandes entreprises.<\/p>\n\n\n\n<p>La perception qu\u2019ont les cabinets de la notion d\u2019optimisation de la production change aussi. 2016 verra sans doute la fin des derni\u00e8res r\u00e9sistances dans ce domaine. S\u2019il co\u00fbte moins cher de produire \u00e0 Manchester qu\u2019\u00e0 Londres ou \u00e0 Nantes qu\u2019\u00e0 Paris, il y a peu de chances que les clients s\u2019en plaignent.<\/p>\n\n\n\n<p>En 2016, le d\u00e9veloppement sera sans doute du c\u00f4t\u00e9 de l\u2019interprofessionnalit\u00e9. En France, gr\u00e2ce \u00e0 la loi Macron et les d\u00e9crets pr\u00e9vus pour le mois d\u2019avril, l\u2019interprofessionnalit\u00e9 d\u2019exercice deviendra une r\u00e9alit\u00e9 pour les professions du droit et la profession comptable. Ceci devrait notamment avoir un impact significatif sur la structuration du march\u00e9 en mati\u00e8re de droit fiscal.<\/p>\n\n\n\n<p>Enfin, la technologie reste le grand terrain d\u2019innovation (et parfois d\u2019inqui\u00e9tude) dans la pratique du droit. Ici, la grande question 2016 est la suivante\u00a0: les cabinets d\u2019avocats vont-ils s\u2019approprier la technologie mise sur le march\u00e9 par les nombreuses \u00ab\u00a0start-ups\u00a0\u00bb du droit ou ces derni\u00e8res le feront-elles \u00e0 leur place\u00a0? R\u00e9ponses au cours des mois qui viennent.<\/p>\n","protected":false},"author":11,"featured_media":0,"template":"","categories":[211],"tags":[24,38,92],"class_list":["post-1948","wilo","type-wilo","status-publish","hentry","category-metiers","tag-avocats","tag-communication","tag-droit"],"acf":[],"yoast_head":"<!-- This site is optimized with the Yoast SEO plugin v27.3 - https:\/\/yoast.com\/product\/yoast-seo-wordpress\/ -->\n<title>Quel march\u00e9 du droit pour 2016 ?<\/title>\n<meta name=\"description\" content=\"Une piste pour r\u00e9pondre \u00e0 cette question : une lecture attentive du Financial Times Innovative Lawyers Report de 2015[1] . (Nous avions \u00e9voqu\u00e9 ce rapport\" \/>\n<meta name=\"robots\" content=\"index, follow, max-snippet:-1, max-image-preview:large, max-video-preview:-1\" \/>\n<link rel=\"canonical\" href=\"https:\/\/www.eliott-markus.com\/wilo\/quel-marche-du-droit-pour-2016\/\" \/>\n<meta property=\"og:locale\" content=\"en_US\" \/>\n<meta property=\"og:type\" content=\"article\" \/>\n<meta property=\"og:title\" content=\"Quel march\u00e9 du droit pour 2016 ?\" \/>\n<meta property=\"og:description\" content=\"Une piste pour r\u00e9pondre \u00e0 cette question : une lecture attentive du Financial Times Innovative Lawyers Report de 2015[1] . (Nous avions \u00e9voqu\u00e9 ce rapport\" \/>\n<meta property=\"og:url\" content=\"https:\/\/www.eliott-markus.com\/wilo\/quel-marche-du-droit-pour-2016\/\" \/>\n<meta property=\"og:site_name\" content=\"eliott &amp; markus\" \/>\n<meta property=\"article:modified_time\" content=\"2023-06-22T15:59:22+00:00\" \/>\n<meta name=\"twitter:card\" content=\"summary_large_image\" \/>\n<meta name=\"twitter:label1\" content=\"Est. reading time\" \/>\n\t<meta name=\"twitter:data1\" content=\"2 minutes\" \/>\n<!-- \/ Yoast SEO plugin. -->","yoast_head_json":{"title":"Quel march\u00e9 du droit pour 2016 ?","description":"Une piste pour r\u00e9pondre \u00e0 cette question : une lecture attentive du Financial Times Innovative Lawyers Report de 2015[1] . (Nous avions \u00e9voqu\u00e9 ce rapport","robots":{"index":"index","follow":"follow","max-snippet":"max-snippet:-1","max-image-preview":"max-image-preview:large","max-video-preview":"max-video-preview:-1"},"canonical":"https:\/\/www.eliott-markus.com\/wilo\/quel-marche-du-droit-pour-2016\/","og_locale":"en_US","og_type":"article","og_title":"Quel march\u00e9 du droit pour 2016 ?","og_description":"Une piste pour r\u00e9pondre \u00e0 cette question : une lecture attentive du Financial Times Innovative Lawyers Report de 2015[1] . (Nous avions \u00e9voqu\u00e9 ce rapport","og_url":"https:\/\/www.eliott-markus.com\/wilo\/quel-marche-du-droit-pour-2016\/","og_site_name":"eliott &amp; markus","article_modified_time":"2023-06-22T15:59:22+00:00","twitter_card":"summary_large_image","twitter_misc":{"Est. reading time":"2 minutes"},"schema":{"@context":"https:\/\/schema.org","@graph":[{"@type":"WebPage","@id":"https:\/\/www.eliott-markus.com\/wilo\/quel-marche-du-droit-pour-2016\/","url":"https:\/\/www.eliott-markus.com\/wilo\/quel-marche-du-droit-pour-2016\/","name":"Quel march\u00e9 du droit pour 2016 ?","isPartOf":{"@id":"https:\/\/www.eliott-markus.com\/#website"},"datePublished":"2016-01-05T08:44:21+00:00","dateModified":"2023-06-22T15:59:22+00:00","description":"Une piste pour r\u00e9pondre \u00e0 cette question : une lecture attentive du Financial Times Innovative Lawyers Report de 2015[1] . (Nous avions \u00e9voqu\u00e9 ce rapport","inLanguage":"en-US","potentialAction":[{"@type":"ReadAction","target":["https:\/\/www.eliott-markus.com\/wilo\/quel-marche-du-droit-pour-2016\/"]}]},{"@type":"WebSite","@id":"https:\/\/www.eliott-markus.com\/#website","url":"https:\/\/www.eliott-markus.com\/","name":"eliott & markus","description":"","publisher":{"@id":"https:\/\/www.eliott-markus.com\/#organization"},"potentialAction":[{"@type":"SearchAction","target":{"@type":"EntryPoint","urlTemplate":"https:\/\/www.eliott-markus.com\/?s={search_term_string}"},"query-input":{"@type":"PropertyValueSpecification","valueRequired":true,"valueName":"search_term_string"}}],"inLanguage":"en-US"},{"@type":"Organization","@id":"https:\/\/www.eliott-markus.com\/#organization","name":"eliott & markus","url":"https:\/\/www.eliott-markus.com\/","logo":{"@type":"ImageObject","inLanguage":"en-US","@id":"https:\/\/www.eliott-markus.com\/#\/schema\/logo\/image\/","url":"https:\/\/www.eliott-markus.com\/wp-content\/uploads\/2023\/06\/cropped-em_fav_2-1.png","contentUrl":"https:\/\/www.eliott-markus.com\/wp-content\/uploads\/2023\/06\/cropped-em_fav_2-1.png","width":512,"height":512,"caption":"eliott & markus"},"image":{"@id":"https:\/\/www.eliott-markus.com\/#\/schema\/logo\/image\/"}}]}},"_links":{"self":[{"href":"https:\/\/www.eliott-markus.com\/en\/wp-json\/wp\/v2\/wilo\/1948","targetHints":{"allow":["GET"]}}],"collection":[{"href":"https:\/\/www.eliott-markus.com\/en\/wp-json\/wp\/v2\/wilo"}],"about":[{"href":"https:\/\/www.eliott-markus.com\/en\/wp-json\/wp\/v2\/types\/wilo"}],"author":[{"embeddable":true,"href":"https:\/\/www.eliott-markus.com\/en\/wp-json\/wp\/v2\/users\/11"}],"version-history":[{"count":1,"href":"https:\/\/www.eliott-markus.com\/en\/wp-json\/wp\/v2\/wilo\/1948\/revisions"}],"predecessor-version":[{"id":2353,"href":"https:\/\/www.eliott-markus.com\/en\/wp-json\/wp\/v2\/wilo\/1948\/revisions\/2353"}],"wp:attachment":[{"href":"https:\/\/www.eliott-markus.com\/en\/wp-json\/wp\/v2\/media?parent=1948"}],"wp:term":[{"taxonomy":"category","embeddable":true,"href":"https:\/\/www.eliott-markus.com\/en\/wp-json\/wp\/v2\/categories?post=1948"},{"taxonomy":"post_tag","embeddable":true,"href":"https:\/\/www.eliott-markus.com\/en\/wp-json\/wp\/v2\/tags?post=1948"}],"curies":[{"name":"wp","href":"https:\/\/api.w.org\/{rel}","templated":true}]}}